{"id":23,"date":"2017-11-23T19:41:02","date_gmt":"2017-11-23T18:41:02","guid":{"rendered":"http:\/\/veiga-law.com\/2017\/port\/?page_id=23"},"modified":"2024-11-18T15:53:44","modified_gmt":"2024-11-18T14:53:44","slug":"startseite-port","status":"publish","type":"page","link":"https:\/\/veiga-law.com\/2017\/port\/","title":{"rendered":"Quem somos"},"content":{"rendered":"<p><div class=\"fusion-fullwidth fullwidth-box fusion-builder-row-1 nonhundred-percent-fullwidth non-hundred-percent-height-scrolling\" style=\"--awb-border-radius-top-left:0px;--awb-border-radius-top-right:0px;--awb-border-radius-bottom-right:0px;--awb-border-radius-bottom-left:0px;--awb-margin-top:-60px;--awb-margin-bottom:0px;--awb-background-color:#4e88aa;--awb-flex-wrap:wrap;\" ><div class=\"fusion-builder-row fusion-row\"><div class=\"fusion-layout-column fusion_builder_column fusion-builder-column-0 fusion_builder_column_1_1 1_1 fusion-one-full fusion-column-first fusion-column-last\" style=\"--awb-padding-top:40px;--awb-bg-color:#4e88aa;--awb-bg-color-hover:#4e88aa;--awb-bg-size:cover;--awb-margin-bottom:0px;\"><div class=\"fusion-column-wrapper fusion-flex-column-wrapper-legacy\"><div class=\"fusion-content-boxes content-boxes columns row fusion-columns-4 fusion-columns-total-4 fusion-content-boxes-1 content-boxes-icon-with-title content-left information\" style=\"--awb-backgroundcolor:rgba(160,160,160,0);--awb-body-color:#ffffff;--awb-title-color:#ffffff;--awb-margin-top:0px;--awb-margin-bottom:0px;--awb-hover-accent-color:#a0ce4e;--awb-circle-hover-accent-color:#a0ce4e;\" data-animationOffset=\"top-into-view\"><div style=\"--awb-backgroundcolor:rgba(160,160,160,0);\" class=\"fusion-column content-box-column content-box-column content-box-column-1 col-lg-3 col-md-3 col-sm-3 fusion-content-box-hover content-box-column-first-in-row\"><div class=\"col content-box-wrapper content-wrapper link-area-link-icon icon-hover-animation-fade\" data-animationOffset=\"top-into-view\"><div class=\"fusion-clearfix\"><\/div><div class=\"content-container\">\n<p><strong>Maria Veiga<br \/>\n<\/strong>Advogada de Direito alem\u00e3o<br \/>\nAdvogada Especializada em Direito do Trabalho<\/p>\n<\/div><\/div><\/div><div style=\"--awb-backgroundcolor:rgba(160,160,160,0);\" class=\"fusion-column content-box-column content-box-column content-box-column-2 col-lg-3 col-md-3 col-sm-3 fusion-content-box-hover \"><div class=\"col content-box-wrapper content-wrapper link-area-link-icon icon-hover-animation-fade\" data-animationOffset=\"top-into-view\"><div class=\"fusion-clearfix\"><\/div><div class=\"content-container\">\n<p><strong>Outras \u00c1reas de Atividade<\/strong><br \/>\nDireito Comercial e das Sociedades<br \/>\nDireito Europeu e Internacional Privado<br \/>\nDireito de Fam\u00edlia e das Sucess\u00f5es<\/p>\n<\/div><\/div><\/div><div style=\"--awb-backgroundcolor:rgba(160,160,160,0);\" class=\"fusion-column content-box-column content-box-column content-box-column-3 col-lg-3 col-md-3 col-sm-3 fusion-content-box-hover \"><div class=\"col content-box-wrapper content-wrapper link-area-link-icon icon-hover-animation-fade\" data-animationOffset=\"top-into-view\"><div class=\"fusion-clearfix\"><\/div><div class=\"content-container\">\n<p>Wildunger Str. 1a<br \/>\nD-60487 Frankfurt am Main<\/p>\n<\/div><\/div><\/div><div style=\"--awb-backgroundcolor:rgba(150,150,150,0);\" class=\"fusion-column content-box-column content-box-column content-box-column-4 col-lg-3 col-md-3 col-sm-3 fusion-content-box-hover content-box-column-last content-box-column-last-in-row\"><div class=\"col content-box-wrapper content-wrapper link-area-link-icon icon-hover-animation-fade\" data-animationOffset=\"top-into-view\"><div class=\"fusion-clearfix\"><\/div><div class=\"content-container\">\n<p>Telefone +49 (0) 69 970 86 280<br \/>\nFax +49 (0) 69 970 86 281<br \/>\n<a href=\"mailto:mail@veiga-law.com\">mail@veiga-law.com<\/a><br \/>\n<a href=\"https:\/\/veiga-law.com\/2017\/port\/\">www.veiga-law.com<\/a><\/p>\n<\/div><\/div><\/div><div class=\"fusion-clearfix\"><\/div><\/div><div class=\"fusion-clearfix\"><\/div><\/div><\/div><\/div><\/div><div class=\"fusion-fullwidth fullwidth-box fusion-builder-row-2 nonhundred-percent-fullwidth non-hundred-percent-height-scrolling\" style=\"--awb-border-radius-top-left:0px;--awb-border-radius-top-right:0px;--awb-border-radius-bottom-right:0px;--awb-border-radius-bottom-left:0px;--awb-margin-top:80px;--awb-margin-bottom:0px;--awb-flex-wrap:wrap;\" ><div class=\"fusion-builder-row fusion-row\"><div class=\"fusion-layout-column fusion_builder_column fusion-builder-column-1 fusion_builder_column_1_1 1_1 fusion-one-full fusion-column-first fusion-column-last\" style=\"--awb-bg-size:cover;\"><div class=\"fusion-column-wrapper fusion-flex-column-wrapper-legacy\"><div class=\"fusion-title title fusion-title-1 sep-underline sep-solid fusion-title-text fusion-title-size-two\" style=\"--awb-margin-top-small:0px;--awb-margin-right-small:0px;--awb-margin-bottom-small:20px;--awb-margin-left-small:0px;\"><h2 class=\"fusion-title-heading title-heading-left\" style=\"margin:0;\">BEM-VINDO<\/h2><\/div><div class=\"fusion-clearfix\"><\/div><\/div><\/div><div class=\"fusion-layout-column fusion_builder_column fusion-builder-column-2 fusion_builder_column_1_2 1_2 fusion-one-half fusion-column-first\" style=\"--awb-bg-size:cover;--awb-margin-bottom:0px;width:50%;width:calc(50% - ( ( 4% ) * 0.5 ) );margin-right: 4%;\"><div class=\"fusion-column-wrapper fusion-flex-column-wrapper-legacy\"><div class=\"fusion-text fusion-text-1\"><p>Somos um <strong>escrit\u00f3rio de advocacia em Frankfurt am Main, vocacionado para a atividade internacional, com ampla experi\u00eancia e contatos internacionais de longa data, principalmente com Portugal e o Brasil<\/strong><em>. <\/em><\/p>\n<p>Desenvolvemos a nossa atividade com especial relev\u00e2ncia no \u00e2mbito das <strong>rela\u00e7\u00f5es jur\u00eddicas luso-alem\u00e3s e teuto-brasileiras<\/strong>, bem como nos v\u00e1rios ramos do <strong>Direito Civil, do Trabalho e Econ\u00f3mico<\/strong>.<\/p>\n<\/div><div class=\"fusion-clearfix\"><\/div><\/div><\/div><div class=\"fusion-layout-column fusion_builder_column fusion-builder-column-3 fusion_builder_column_1_2 1_2 fusion-one-half fusion-column-last\" style=\"--awb-bg-size:cover;--awb-margin-bottom:0px;width:50%;width:calc(50% - ( ( 4% ) * 0.5 ) );\"><div class=\"fusion-column-wrapper fusion-flex-column-wrapper-legacy\"><div class=\"fusion-text fusion-text-2\"><p>Devido \u00e0 nossa orienta\u00e7\u00e3o internacional, quaisquer assuntos que nos sejam colocados s\u00e3o sempre analisados no seu contexto global e intercultural, procurando conjuntamente com os nossos clientes as solu\u00e7\u00f5es mais adequadas a cada caso.<\/p>\n<p>A assessoria jur\u00eddica \u00e9 assim prestada em <strong>alem\u00e3o<\/strong> e em <strong>portugu\u00eas<\/strong>, incluindo a troca de correspond\u00eancia. A fundadora do escrit\u00f3rio \u00e9 de origem portuguesa. Outras l\u00ednguas faladas no escrit\u00f3rio s\u00e3o ainda o <strong>ingl\u00eas, o franc\u00eas e o espanhol<\/strong>.<\/p>\n<\/div><div class=\"fusion-clearfix\"><\/div><\/div><\/div><div class=\"fusion-layout-column fusion_builder_column fusion-builder-column-4 fusion_builder_column_1_1 1_1 fusion-one-full fusion-column-first fusion-column-last\" style=\"--awb-bg-size:cover;\"><div class=\"fusion-column-wrapper fusion-flex-column-wrapper-legacy\"><div class=\"fusion-clearfix\"><\/div><\/div><\/div><\/div><\/div><div class=\"fusion-fullwidth fullwidth-box fusion-builder-row-3 nonhundred-percent-fullwidth non-hundred-percent-height-scrolling startseite-rechtsgebiete\" style=\"--awb-border-radius-top-left:0px;--awb-border-radius-top-right:0px;--awb-border-radius-bottom-right:0px;--awb-border-radius-bottom-left:0px;--awb-margin-top:0px;--awb-flex-wrap:wrap;\" ><div class=\"fusion-builder-row fusion-row\"><div class=\"fusion-layout-column fusion_builder_column fusion-builder-column-5 fusion_builder_column_1_1 1_1 fusion-one-full fusion-column-first fusion-column-last\" style=\"--awb-bg-size:cover;\"><div class=\"fusion-column-wrapper fusion-flex-column-wrapper-legacy\"><div class=\"fusion-title title fusion-title-2 sep-underline sep-solid fusion-title-text fusion-title-size-two\" style=\"--awb-margin-top:40px;--awb-margin-top-small:0px;--awb-margin-right-small:0px;--awb-margin-bottom-small:20px;--awb-margin-left-small:0px;\"><h2 class=\"fusion-title-heading title-heading-left\" style=\"margin:0;\">\u00c1REAS DE ATIVIDADE<\/h2><\/div><div class=\"fusion-content-boxes content-boxes columns row fusion-columns-4 fusion-columns-total-4 fusion-content-boxes-2 content-boxes-icon-on-top content-right\" style=\"--awb-title-color:#4e88aa;--awb-hover-accent-color:#4e88aa;--awb-circle-hover-accent-color:#4e88aa;\" data-animationOffset=\"top-into-view\"><div style=\"--awb-backgroundcolor:rgba(255,255,255,0);\" class=\"fusion-column content-box-column content-box-column content-box-column-1 col-lg-3 col-md-3 col-sm-3 fusion-content-box-hover content-box-column-first-in-row\"><div class=\"col content-box-wrapper content-wrapper link-area-link-icon link-type-text icon-hover-animation-fade\" data-animationOffset=\"top-into-view\"><div class=\"heading heading-with-icon icon-right\"><a class=\"heading-link\" href=\"https:\/\/veiga-law.com\/2017\/port\/areas-de-atividade\/\" target=\"_self\"><div class=\"icon\"><i style=\"border-color:#333333;border-width:1px;background-color:#333333;box-sizing:content-box;height:60px;width:60px;line-height:60px;border-radius:50%;font-size:30px;\" aria-hidden=\"true\" class=\"fontawesome-icon fa-briefcase fas circle-yes\"><\/i><\/div><h2 class=\"content-box-heading\" style=\"--h2_typography-font-size:20px;line-height:25px;\">Direito do Trabalho<\/h2><\/a><\/div><div class=\"fusion-clearfix\"><\/div><div class=\"content-container\">\n<p>O Direito do Trabalho representa uma das compet\u00eancias centrais do nosso escrit\u00f3rio . A nossa atividade engloba todas as \u00e1reas do direito laboral, individual e coletivo, incluindo o Direito Europeu do Trabalho. Dispomos assim de uma vasta experi\u00eancia, tanto na assessoria e representa\u00e7\u00e3o extrajudicial, como perante todas as inst\u00e2ncias dos tribunais de trabalho.<\/p>\n<\/div><div class=\"fusion-clearfix\"><\/div><a class=\" fusion-read-more\" href=\"https:\/\/veiga-law.com\/2017\/port\/areas-de-atividade\/\" target=\"_self\">Para mais Direito do Trabalho<\/a><div class=\"fusion-clearfix\"><\/div><\/div><\/div><div style=\"--awb-backgroundcolor:rgba(255,255,255,0);\" class=\"fusion-column content-box-column content-box-column content-box-column-2 col-lg-3 col-md-3 col-sm-3 fusion-content-box-hover \"><div class=\"col content-box-wrapper content-wrapper link-area-link-icon link-type-text icon-hover-animation-fade\" data-animationOffset=\"top-into-view\"><div class=\"heading heading-with-icon icon-right\"><a class=\"heading-link\" href=\"https:\/\/veiga-law.com\/2017\/port\/areas-de-atividade\/\" target=\"_self\"><div class=\"icon\"><i style=\"border-color:#333333;border-width:1px;background-color:#333333;box-sizing:content-box;height:60px;width:60px;line-height:60px;border-radius:50%;font-size:30px;\" aria-hidden=\"true\" class=\"fontawesome-icon fa-sync fas circle-yes\"><\/i><\/div><h2 class=\"content-box-heading\" style=\"--h2_typography-font-size:20px;line-height:25px;\">Direito Comercial e das Sociedades<\/h2><\/a><\/div><div class=\"fusion-clearfix\"><\/div><div class=\"content-container\">\n<p>As rela\u00e7\u00f5es comerciais internacionais necessitam de uma assessoria jur\u00eddica s\u00f3lida, constante e sempre atualizada, para que possam enfrentar com sucesso os desafios e a complexidade de um mercado internacional cada vez mais globalizado. Uma outra \u00e1rea central da nossa atividade \u00e9 o Direito Comercial e das Sociedades, num contexto internacional.<\/p>\n<\/div><div class=\"fusion-clearfix\"><\/div><a class=\" fusion-read-more\" href=\"https:\/\/veiga-law.com\/2017\/port\/areas-de-atividade\/\" target=\"_self\">Para mais Direito Comercial e das Sociedades<\/a><div class=\"fusion-clearfix\"><\/div><\/div><\/div><div style=\"--awb-backgroundcolor:rgba(255,255,255,0);\" class=\"fusion-column content-box-column content-box-column content-box-column-3 col-lg-3 col-md-3 col-sm-3 fusion-content-box-hover \"><div class=\"col content-box-wrapper content-wrapper link-area-link-icon link-type-text icon-hover-animation-fade\" data-animationOffset=\"top-into-view\"><div class=\"heading heading-with-icon icon-right\"><a class=\"heading-link\" href=\"https:\/\/veiga-law.com\/2017\/port\/areas-de-atividade\/\" target=\"_self\"><div class=\"icon\"><i style=\"border-color:#333333;border-width:1px;background-color:#333333;box-sizing:content-box;height:60px;width:60px;line-height:60px;border-radius:50%;font-size:30px;\" aria-hidden=\"true\" class=\"fontawesome-icon fa-key fas circle-yes\"><\/i><\/div><h2 class=\"content-box-heading\" style=\"--h2_typography-font-size:20px;line-height:25px;\">Assessoria na constitui\u00e7\u00e3o de empresas\/no estabelecimento por conta pr\u00f3pria<\/h2><\/a><\/div><div class=\"fusion-clearfix\"><\/div><div class=\"content-container\">\n<p>A assessoria na constitui\u00e7\u00e3o de uma sociedade\/no estabelecimento por conta pr\u00f3pria envolve todas as \u00e1reas da nossa atividade, desde o Direito do Trabalho, Comercial e das Sociedades, a quest\u00f5es ligadas \u00e0 localiza\u00e7\u00e3o, a requisitos de entidades p\u00fablicas locais, ou ainda a implica\u00e7\u00f5es ao n\u00edvel do Direito de Fam\u00edlia e das Sucess\u00f5es.<\/p>\n<\/div><div class=\"fusion-clearfix\"><\/div><a class=\" fusion-read-more\" href=\"https:\/\/veiga-law.com\/2017\/port\/areas-de-atividade\/\" target=\"_self\">Para mais Assessoria na constitui\u00e7\u00e3o de empresas\/no estabelecimento por conta pr\u00f3pria<\/a><div class=\"fusion-clearfix\"><\/div><\/div><\/div><div style=\"--awb-backgroundcolor:rgba(255,255,255,0);\" class=\"fusion-column content-box-column content-box-column content-box-column-4 col-lg-3 col-md-3 col-sm-3 fusion-content-box-hover content-box-column-last content-box-column-last-in-row\"><div class=\"col content-box-wrapper content-wrapper link-area-link-icon link-type-text icon-hover-animation-fade\" data-animationOffset=\"top-into-view\"><div class=\"heading heading-with-icon icon-right\"><a class=\"heading-link\" href=\"https:\/\/veiga-law.com\/2017\/port\/areas-de-atividade\/\" target=\"_self\"><div class=\"icon\"><i style=\"border-color:#333333;border-width:1px;background-color:#333333;box-sizing:content-box;height:60px;width:60px;line-height:60px;border-radius:50%;font-size:30px;\" aria-hidden=\"true\" class=\"fontawesome-icon fa-university fas circle-yes\"><\/i><\/div><h2 class=\"content-box-heading\" style=\"--h2_typography-font-size:20px;line-height:25px;\">Direito Europeu e Internacional Privado<\/h2><\/a><\/div><div class=\"fusion-clearfix\"><\/div><div class=\"content-container\">\n<p>O Direito Internacional Privado faz parte da \u201eferramenta jur\u00eddica\u201c base de um escrit\u00f3rio de advocacia com atividade internacional. \u00c9 o ponto de partida para quest\u00f5es da compet\u00eancia internacional e do Direito nacional aplic\u00e1vel ao caso concreto. No \u00e2mbito do espa\u00e7o comunit\u00e1rio, o Direito da Uni\u00e3o Europeia reveste especial import\u00e2ncia. Temos ainda experi\u00eancia junto ao Tribunal de Justi\u00e7a da Uni\u00e3o Europeia.<\/p>\n<\/div><div class=\"fusion-clearfix\"><\/div><a class=\" fusion-read-more\" href=\"https:\/\/veiga-law.com\/2017\/port\/areas-de-atividade\/\" target=\"_self\">Para mais Direito Europeu e Internacional Privado <\/a><div class=\"fusion-clearfix\"><\/div><\/div><\/div><div class=\"fusion-clearfix\"><\/div><\/div><div class=\"fusion-content-boxes content-boxes columns row fusion-columns-4 fusion-columns-total-4 fusion-content-boxes-3 content-boxes-icon-on-top content-left\" style=\"--awb-title-color:#4e88aa;--awb-hover-accent-color:#4e88aa;--awb-circle-hover-accent-color:#4e88aa;\" data-animationOffset=\"top-into-view\"><div style=\"--awb-backgroundcolor:rgba(255,255,255,0);\" class=\"fusion-column content-box-column content-box-column content-box-column-1 col-lg-3 col-md-3 col-sm-3 fusion-content-box-hover content-box-column-first-in-row\"><div class=\"col content-box-wrapper content-wrapper link-area-link-icon link-type-text icon-hover-animation-fade\" data-animationOffset=\"top-into-view\"><div class=\"heading heading-with-icon icon-left\"><a class=\"heading-link\" href=\"https:\/\/veiga-law.com\/2017\/port\/areas-de-atividade\/\" target=\"_self\"><div class=\"icon\"><i style=\"border-color:#333333;border-width:1px;background-color:#333333;box-sizing:content-box;height:60px;width:60px;line-height:60px;border-radius:50%;font-size:30px;\" aria-hidden=\"true\" class=\"fontawesome-icon fa-chart-bar far circle-yes\"><\/i><\/div><h2 class=\"content-box-heading\" style=\"--h2_typography-font-size:20px;line-height:25px;\">Direito Econ\u00f3mico<\/h2><\/a><\/div><div class=\"fusion-clearfix\"><\/div><div class=\"content-container\">\n<p>No \u00e2mbito da constitui\u00e7\u00e3o de uma nova sociedade comercial e na assessoria constante a empresas, colocam-se tamb\u00e9m v\u00e1rias outras quest\u00f5es do Direito Econ\u00f3mico, tais como, entre outras, quest\u00f5es relacionadas com marcas e patentes bem como com a concorr\u00eancia, incluindo a concorr\u00eancia desleal.<\/p>\n<\/div><div class=\"fusion-clearfix\"><\/div><a class=\" fusion-read-more\" href=\"https:\/\/veiga-law.com\/2017\/port\/areas-de-atividade\/\" target=\"_self\">Para mais Direito Econ\u00f3mico<\/a><div class=\"fusion-clearfix\"><\/div><\/div><\/div><div style=\"--awb-backgroundcolor:rgba(255,255,255,0);\" class=\"fusion-column content-box-column content-box-column content-box-column-2 col-lg-3 col-md-3 col-sm-3 fusion-content-box-hover \"><div class=\"col content-box-wrapper content-wrapper link-area-link-icon link-type-text icon-hover-animation-fade\" data-animationOffset=\"top-into-view\"><div class=\"heading heading-with-icon icon-left\"><a class=\"heading-link\" href=\"https:\/\/veiga-law.com\/2017\/port\/areas-de-atividade\/\" target=\"_self\"><div class=\"icon\"><i style=\"border-color:#333333;border-width:1px;background-color:#333333;box-sizing:content-box;height:60px;width:60px;line-height:60px;border-radius:50%;font-size:30px;\" aria-hidden=\"true\" class=\"fontawesome-icon fa-users fas circle-yes\"><\/i><\/div><h2 class=\"content-box-heading\" style=\"--h2_typography-font-size:20px;line-height:25px;\">Direito de Fam\u00edlia e das Sucess\u00f5es<\/h2><\/a><\/div><div class=\"fusion-clearfix\"><\/div><div class=\"content-container\">\n<p>O Direito de Fam\u00edlia e das Sucess\u00f5es fazem tamb\u00e9m parte da experi\u00eancia de longa data do nosso escrit\u00f3rio, com especial relevo no contexto luso-alem\u00e3o e teuto-brasileiro; seja no \u00e2mbito de conven\u00e7\u00f5es antenupciais, em processos de div\u00f3rcio e assuntos interligados, ou ainda na elabora\u00e7\u00e3o de testamentos e em processos de partilhas internacionais de heran\u00e7as.<\/p>\n<\/div><div class=\"fusion-clearfix\"><\/div><a class=\" fusion-read-more\" href=\"https:\/\/veiga-law.com\/2017\/port\/areas-de-atividade\/\" target=\"_self\">Para mais Direito de Fam\u00edlia e das Sucess\u00f5es <\/a><div class=\"fusion-clearfix\"><\/div><\/div><\/div><div style=\"--awb-backgroundcolor:rgba(255,255,255,0);\" class=\"fusion-column content-box-column content-box-column content-box-column-3 col-lg-3 col-md-3 col-sm-3 fusion-content-box-hover \"><div class=\"col content-box-wrapper content-wrapper link-area-link-icon link-type-text icon-hover-animation-fade\" data-animationOffset=\"top-into-view\"><div class=\"heading heading-with-icon icon-left\"><a class=\"heading-link\" href=\"https:\/\/veiga-law.com\/2017\/port\/areas-de-atividade\/\" target=\"_self\"><div class=\"icon\"><i style=\"border-color:#333333;border-width:1px;background-color:#333333;box-sizing:content-box;height:60px;width:60px;line-height:60px;border-radius:50%;font-size:30px;\" aria-hidden=\"true\" class=\"fontawesome-icon fa-cubes fas circle-yes\"><\/i><\/div><h2 class=\"content-box-heading\" style=\"--h2_typography-font-size:20px;line-height:25px;\">Direito Imobili\u00e1rio<\/h2><\/a><\/div><div class=\"fusion-clearfix\"><\/div><div class=\"content-container\">\n<p>Quest\u00f5es relacionadas com im\u00f3veis situados no estrangeiro desempenham um papel importante no \u00e2mbito da atividade do nosso escrit\u00f3rio, especialmente, no contexto de assuntos familiares e de sucess\u00f5es. Elas exigem tamb\u00e9m compet\u00eancia profissional a n\u00edvel do direito imobili\u00e1rio do pa\u00eds estrangeiro envolvido, incluindo quest\u00f5es de registo e notariais.<\/p>\n<\/div><div class=\"fusion-clearfix\"><\/div><a class=\" fusion-read-more\" href=\"https:\/\/veiga-law.com\/2017\/port\/areas-de-atividade\/\" target=\"_self\">Para mais Direito Imobili\u00e1rio<\/a><div class=\"fusion-clearfix\"><\/div><\/div><\/div><div style=\"--awb-backgroundcolor:rgba(255,255,255,0);\" class=\"fusion-column content-box-column content-box-column content-box-column-4 col-lg-3 col-md-3 col-sm-3 fusion-content-box-hover content-box-column-last content-box-column-last-in-row\"><div class=\"col content-box-wrapper content-wrapper link-area-link-icon link-type-text icon-hover-animation-fade\" data-animationOffset=\"top-into-view\"><div class=\"heading heading-with-icon icon-left\"><a class=\"heading-link\" href=\"https:\/\/veiga-law.com\/2017\/port\/areas-de-atividade\/\" target=\"_self\"><div class=\"icon\"><i style=\"border-color:#333333;border-width:1px;background-color:#333333;box-sizing:content-box;height:60px;width:60px;line-height:60px;border-radius:50%;font-size:30px;\" aria-hidden=\"true\" class=\"fontawesome-icon fa-shopping-cart fas circle-yes\"><\/i><\/div><h2 class=\"content-box-heading\" style=\"--h2_typography-font-size:20px;line-height:25px;\">Direito Alimentar<\/h2><\/a><\/div><div class=\"fusion-clearfix\"><\/div><div class=\"content-container\">\n<p>Na Uni\u00e3o Europeia, o Direito Alimentar est\u00e1 fortemente regulamentado por meio de regulamentos e diretivas. Os regulamentos s\u00e3o diretamente aplic\u00e1veis, as diretivas necessitam ser transpostas para a lei nacional de cada Estado-Membro. O Brasil, um dos maiores produtores e exportadores mundiais de alimentos e produtos aliment\u00edcios, disp\u00f5e de uma vasta regulamenta\u00e7\u00e3o pr\u00f3pria, a n\u00edvel federal, dos v\u00e1rios Estados e de munic\u00edpios.<\/p>\n<\/div><div class=\"fusion-clearfix\"><\/div><a class=\" fusion-read-more\" href=\"https:\/\/veiga-law.com\/2017\/port\/areas-de-atividade\/\" target=\"_self\">Para mais Direito Alimentar<\/a><div class=\"fusion-clearfix\"><\/div><\/div><\/div><div class=\"fusion-clearfix\"><\/div><\/div><div class=\"fusion-clearfix\"><\/div><\/div><\/div><\/div><\/div><div class=\"fusion-fullwidth fullwidth-box fusion-builder-row-4 nonhundred-percent-fullwidth non-hundred-percent-height-scrolling\" style=\"--awb-border-radius-top-left:0px;--awb-border-radius-top-right:0px;--awb-border-radius-bottom-right:0px;--awb-border-radius-bottom-left:0px;--awb-margin-top:-60px;--awb-margin-bottom:0px;--awb-background-color:#4e88aa;--awb-flex-wrap:wrap;\" ><div class=\"fusion-builder-row fusion-row\"><div class=\"fusion-layout-column fusion_builder_column fusion-builder-column-6 fusion_builder_column_1_1 1_1 fusion-one-full fusion-column-first fusion-column-last\" style=\"--awb-padding-top:40px;--awb-bg-color:#4e88aa;--awb-bg-color-hover:#4e88aa;--awb-bg-size:cover;--awb-margin-bottom:0px;\"><div class=\"fusion-column-wrapper fusion-flex-column-wrapper-legacy\"><div class=\"fusion-reading-box-container reading-box-container-1\" style=\"--awb-title-color:#4d88aa;--awb-margin-top:-40px;--awb-margin-bottom:0px;\"><div class=\"reading-box reading-box-center\" style=\"background-color:#4e88aa;border-width:0px;border-color:#f6f6f6;border-style:solid;\"><a class=\"button fusion-button button-default fusion-button-default-size button-default-size button-flat fusion-mobile-button continue-center\" style=\"-webkit-box-shadow:none;-moz-box-shadow:none;box-shadow:none;border-radius:0px 0px 0px 0px\" href=\"https:\/\/veiga-law.com\/2017\/port\/contato\/\" target=\"_self\"><span>Contato<\/span><\/a><\/div><\/div><div class=\"fusion-clearfix\"><\/div><\/div><\/div><\/div><\/div><\/p>\n","protected":false},"excerpt":{"rendered":"","protected":false},"author":1,"featured_media":0,"parent":0,"menu_order":0,"comment_status":"closed","ping_status":"closed","template":"100-width.php","meta":{"footnotes":""},"class_list":["post-23","page","type-page","status-publish","hentry"],"yoast_head":"<!-- This site is optimized with the Yoast SEO plugin v27.4 - https:\/\/yoast.com\/product\/yoast-seo-wordpress\/ -->\n<title>Quem somos - VEIGA Rechtsanwaltskanzlei - RA Maria de F\u00e1tima Veiga - Frankfurt<\/title>\n<meta name=\"robots\" content=\"index, follow, max-snippet:-1, max-image-preview:large, max-video-preview:-1\" \/>\n<link rel=\"canonical\" href=\"https:\/\/veiga-law.com\/2017\/port\/\" \/>\n<meta property=\"og:locale\" content=\"pt_PT\" \/>\n<meta property=\"og:type\" content=\"article\" \/>\n<meta property=\"og:title\" content=\"Quem somos - VEIGA Rechtsanwaltskanzlei - RA Maria de F\u00e1tima Veiga - Frankfurt\" \/>\n<meta property=\"og:url\" content=\"https:\/\/veiga-law.com\/2017\/port\/\" \/>\n<meta property=\"og:site_name\" content=\"VEIGA Rechtsanwaltskanzlei - RA Maria de F\u00e1tima Veiga - Frankfurt\" \/>\n<meta property=\"article:modified_time\" content=\"2024-11-18T14:53:44+00:00\" \/>\n<meta name=\"twitter:card\" content=\"summary_large_image\" \/>\n<meta name=\"twitter:label1\" content=\"Tempo estimado de leitura\" \/>\n\t<meta name=\"twitter:data1\" content=\"13 minutos\" \/>\n<script type=\"application\/ld+json\" class=\"yoast-schema-graph\">{\"@context\":\"https:\\\/\\\/schema.org\",\"@graph\":[{\"@type\":\"WebPage\",\"@id\":\"https:\\\/\\\/veiga-law.com\\\/2017\\\/port\\\/\",\"url\":\"https:\\\/\\\/veiga-law.com\\\/2017\\\/port\\\/\",\"name\":\"Quem somos - VEIGA Rechtsanwaltskanzlei - RA Maria de F\u00e1tima Veiga - Frankfurt\",\"isPartOf\":{\"@id\":\"https:\\\/\\\/veiga-law.com\\\/2017\\\/port\\\/#website\"},\"datePublished\":\"2017-11-23T18:41:02+00:00\",\"dateModified\":\"2024-11-18T14:53:44+00:00\",\"breadcrumb\":{\"@id\":\"https:\\\/\\\/veiga-law.com\\\/2017\\\/port\\\/#breadcrumb\"},\"inLanguage\":\"pt-PT\",\"potentialAction\":[{\"@type\":\"ReadAction\",\"target\":[\"https:\\\/\\\/veiga-law.com\\\/2017\\\/port\\\/\"]}]},{\"@type\":\"BreadcrumbList\",\"@id\":\"https:\\\/\\\/veiga-law.com\\\/2017\\\/port\\\/#breadcrumb\",\"itemListElement\":[{\"@type\":\"ListItem\",\"position\":1,\"name\":\"Startseite\",\"item\":\"https:\\\/\\\/veiga-law.com\\\/2017\\\/port\\\/\"},{\"@type\":\"ListItem\",\"position\":2,\"name\":\"Quem somos\"}]},{\"@type\":\"WebSite\",\"@id\":\"https:\\\/\\\/veiga-law.com\\\/2017\\\/port\\\/#website\",\"url\":\"https:\\\/\\\/veiga-law.com\\\/2017\\\/port\\\/\",\"name\":\"VEIGA Rechtsanwaltskanzlei - RA Maria de F\u00e1tima Veiga - Frankfurt\",\"description\":\"Eine weitere VEIGA Rechtsanwaltskanzlei - RA Maria Veiga Websites Website\",\"potentialAction\":[{\"@type\":\"SearchAction\",\"target\":{\"@type\":\"EntryPoint\",\"urlTemplate\":\"https:\\\/\\\/veiga-law.com\\\/2017\\\/port\\\/?s={search_term_string}\"},\"query-input\":{\"@type\":\"PropertyValueSpecification\",\"valueRequired\":true,\"valueName\":\"search_term_string\"}}],\"inLanguage\":\"pt-PT\"}]}<\/script>\n<!-- \/ Yoast SEO plugin. -->","yoast_head_json":{"title":"Quem somos - VEIGA Rechtsanwaltskanzlei - RA Maria de F\u00e1tima Veiga - Frankfurt","robots":{"index":"index","follow":"follow","max-snippet":"max-snippet:-1","max-image-preview":"max-image-preview:large","max-video-preview":"max-video-preview:-1"},"canonical":"https:\/\/veiga-law.com\/2017\/port\/","og_locale":"pt_PT","og_type":"article","og_title":"Quem somos - VEIGA Rechtsanwaltskanzlei - RA Maria de F\u00e1tima Veiga - Frankfurt","og_url":"https:\/\/veiga-law.com\/2017\/port\/","og_site_name":"VEIGA Rechtsanwaltskanzlei - RA Maria de F\u00e1tima Veiga - Frankfurt","article_modified_time":"2024-11-18T14:53:44+00:00","twitter_card":"summary_large_image","twitter_misc":{"Tempo estimado de leitura":"13 minutos"},"schema":{"@context":"https:\/\/schema.org","@graph":[{"@type":"WebPage","@id":"https:\/\/veiga-law.com\/2017\/port\/","url":"https:\/\/veiga-law.com\/2017\/port\/","name":"Quem somos - VEIGA Rechtsanwaltskanzlei - RA Maria de F\u00e1tima Veiga - Frankfurt","isPartOf":{"@id":"https:\/\/veiga-law.com\/2017\/port\/#website"},"datePublished":"2017-11-23T18:41:02+00:00","dateModified":"2024-11-18T14:53:44+00:00","breadcrumb":{"@id":"https:\/\/veiga-law.com\/2017\/port\/#breadcrumb"},"inLanguage":"pt-PT","potentialAction":[{"@type":"ReadAction","target":["https:\/\/veiga-law.com\/2017\/port\/"]}]},{"@type":"BreadcrumbList","@id":"https:\/\/veiga-law.com\/2017\/port\/#breadcrumb","itemListElement":[{"@type":"ListItem","position":1,"name":"Startseite","item":"https:\/\/veiga-law.com\/2017\/port\/"},{"@type":"ListItem","position":2,"name":"Quem somos"}]},{"@type":"WebSite","@id":"https:\/\/veiga-law.com\/2017\/port\/#website","url":"https:\/\/veiga-law.com\/2017\/port\/","name":"VEIGA Rechtsanwaltskanzlei - RA Maria de F\u00e1tima Veiga - Frankfurt","description":"Eine weitere VEIGA Rechtsanwaltskanzlei - RA Maria Veiga Websites Website","potentialAction":[{"@type":"SearchAction","target":{"@type":"EntryPoint","urlTemplate":"https:\/\/veiga-law.com\/2017\/port\/?s={search_term_string}"},"query-input":{"@type":"PropertyValueSpecification","valueRequired":true,"valueName":"search_term_string"}}],"inLanguage":"pt-PT"}]}},"_links":{"self":[{"href":"https:\/\/veiga-law.com\/2017\/port\/wp-json\/wp\/v2\/pages\/23","targetHints":{"allow":["GET"]}}],"collection":[{"href":"https:\/\/veiga-law.com\/2017\/port\/wp-json\/wp\/v2\/pages"}],"about":[{"href":"https:\/\/veiga-law.com\/2017\/port\/wp-json\/wp\/v2\/types\/page"}],"author":[{"embeddable":true,"href":"https:\/\/veiga-law.com\/2017\/port\/wp-json\/wp\/v2\/users\/1"}],"replies":[{"embeddable":true,"href":"https:\/\/veiga-law.com\/2017\/port\/wp-json\/wp\/v2\/comments?post=23"}],"version-history":[{"count":10,"href":"https:\/\/veiga-law.com\/2017\/port\/wp-json\/wp\/v2\/pages\/23\/revisions"}],"predecessor-version":[{"id":138,"href":"https:\/\/veiga-law.com\/2017\/port\/wp-json\/wp\/v2\/pages\/23\/revisions\/138"}],"wp:attachment":[{"href":"https:\/\/veiga-law.com\/2017\/port\/wp-json\/wp\/v2\/media?parent=23"}],"curies":[{"name":"wp","href":"https:\/\/api.w.org\/{rel}","templated":true}]}}