{"id":2,"date":"2017-11-13T14:42:05","date_gmt":"2017-11-13T13:42:05","guid":{"rendered":"http:\/\/veiga-law.com\/2017\/?page_id=2"},"modified":"2024-11-18T15:53:44","modified_gmt":"2024-11-18T14:53:44","slug":"startseite","status":"publish","type":"page","link":"https:\/\/veiga-law.com\/2017\/","title":{"rendered":"Startseite"},"content":{"rendered":"<p><div class=\"fusion-fullwidth fullwidth-box fusion-builder-row-1 nonhundred-percent-fullwidth non-hundred-percent-height-scrolling\" style=\"--awb-border-radius-top-left:0px;--awb-border-radius-top-right:0px;--awb-border-radius-bottom-right:0px;--awb-border-radius-bottom-left:0px;--awb-margin-top:-60px;--awb-margin-bottom:0px;--awb-background-color:#4e88aa;--awb-flex-wrap:wrap;\" ><div class=\"fusion-builder-row fusion-row\"><div class=\"fusion-layout-column fusion_builder_column fusion-builder-column-0 fusion_builder_column_1_1 1_1 fusion-one-full fusion-column-first fusion-column-last\" style=\"--awb-padding-top:40px;--awb-bg-color:#4e88aa;--awb-bg-color-hover:#4e88aa;--awb-bg-size:cover;--awb-margin-bottom:0px;\"><div class=\"fusion-column-wrapper fusion-flex-column-wrapper-legacy\"><div class=\"fusion-content-boxes content-boxes columns row fusion-columns-4 fusion-columns-total-4 fusion-content-boxes-1 content-boxes-icon-with-title content-left information\" style=\"--awb-backgroundcolor:rgba(160,160,160,0);--awb-body-color:#ffffff;--awb-title-color:#ffffff;--awb-margin-top:0px;--awb-margin-bottom:0px;--awb-hover-accent-color:#a0ce4e;--awb-circle-hover-accent-color:#a0ce4e;\" data-animationOffset=\"top-into-view\"><div style=\"--awb-backgroundcolor:rgba(160,160,160,0);\" class=\"fusion-column content-box-column content-box-column content-box-column-1 col-lg-3 col-md-3 col-sm-3 fusion-content-box-hover content-box-column-first-in-row\"><div class=\"col content-box-wrapper content-wrapper link-area-link-icon icon-hover-animation-fade\" data-animationOffset=\"top-into-view\"><div class=\"fusion-clearfix\"><\/div><div class=\"content-container\">\n<p><strong>Maria Veiga<\/strong><br \/>\nRechtsanw\u00e4ltin<br \/>\nFachanw\u00e4ltin f\u00fcr Arbeitsrecht<\/p>\n<\/div><\/div><\/div><div style=\"--awb-backgroundcolor:rgba(160,160,160,0);\" class=\"fusion-column content-box-column content-box-column content-box-column-2 col-lg-3 col-md-3 col-sm-3 fusion-content-box-hover \"><div class=\"col content-box-wrapper content-wrapper link-area-link-icon icon-hover-animation-fade\" data-animationOffset=\"top-into-view\"><div class=\"fusion-clearfix\"><\/div><div class=\"content-container\">\n<p><strong>Weitere Schwerpunkte<\/strong><br \/>\nHandels- und Gesellschaftsrecht<br \/>\nInternationales Privatrecht<br \/>\nFamilien- und Erbrecht<\/p>\n<\/div><\/div><\/div><div style=\"--awb-backgroundcolor:rgba(160,160,160,0);\" class=\"fusion-column content-box-column content-box-column content-box-column-3 col-lg-3 col-md-3 col-sm-3 fusion-content-box-hover \"><div class=\"col content-box-wrapper content-wrapper link-area-link-icon icon-hover-animation-fade\" data-animationOffset=\"top-into-view\"><div class=\"fusion-clearfix\"><\/div><div class=\"content-container\">\n<p>Wildunger Str. 1a<br \/>\nD-60487 Frankfurt am Main<\/p>\n<\/div><\/div><\/div><div style=\"--awb-backgroundcolor:rgba(150,150,150,0);\" class=\"fusion-column content-box-column content-box-column content-box-column-4 col-lg-3 col-md-3 col-sm-3 fusion-content-box-hover content-box-column-last content-box-column-last-in-row\"><div class=\"col content-box-wrapper content-wrapper link-area-link-icon icon-hover-animation-fade\" data-animationOffset=\"top-into-view\"><div class=\"fusion-clearfix\"><\/div><div class=\"content-container\">\n<p>Telefon\u00a0+49 (0) 69 970 86 280<br \/>\nFax\u00a0+49 (0) 69 970 86 281<br \/>\n<a href=\"mailto:mail@veiga-law.com\">mail@veiga-law.com<\/a><br \/>\n<a href=\"https:\/\/veiga-law.com\/\">www.veiga-law.com<\/a><\/p>\n<\/div><\/div><\/div><div class=\"fusion-clearfix\"><\/div><\/div><div class=\"fusion-clearfix\"><\/div><\/div><\/div><\/div><\/div><div class=\"fusion-fullwidth fullwidth-box fusion-builder-row-2 nonhundred-percent-fullwidth non-hundred-percent-height-scrolling\" style=\"--awb-border-radius-top-left:0px;--awb-border-radius-top-right:0px;--awb-border-radius-bottom-right:0px;--awb-border-radius-bottom-left:0px;--awb-margin-top:80px;--awb-margin-bottom:0px;--awb-flex-wrap:wrap;\" ><div class=\"fusion-builder-row fusion-row\"><div class=\"fusion-layout-column fusion_builder_column fusion-builder-column-1 fusion_builder_column_1_1 1_1 fusion-one-full fusion-column-first fusion-column-last\" style=\"--awb-bg-size:cover;\"><div class=\"fusion-column-wrapper fusion-flex-column-wrapper-legacy\"><div class=\"fusion-title title fusion-title-1 sep-underline sep-solid fusion-title-text fusion-title-size-two\" style=\"--awb-margin-top-small:0px;--awb-margin-right-small:0px;--awb-margin-bottom-small:20px;--awb-margin-left-small:0px;\"><h2 class=\"fusion-title-heading title-heading-left\" style=\"margin:0;\">HERZLICH WILLKOMMEN<\/h2><\/div><div class=\"fusion-clearfix\"><\/div><\/div><\/div><div class=\"fusion-layout-column fusion_builder_column fusion-builder-column-2 fusion_builder_column_1_2 1_2 fusion-one-half fusion-column-first\" style=\"--awb-bg-size:cover;--awb-margin-bottom:0px;width:50%;width:calc(50% - ( ( 4% ) * 0.5 ) );margin-right: 4%;\"><div class=\"fusion-column-wrapper fusion-flex-column-wrapper-legacy\"><div class=\"fusion-text fusion-text-1\"><p>Wir sind eine <strong>international ausgerichtete Anwaltskanzlei in Frankfurt am Main<\/strong> mit langj\u00e4hriger Erfahrung und internationaler Kontakte, insbesondere mit Portugal und Brasilien.<\/p>\n<p>Der Schwerpunkt unserer T\u00e4tigkeit liegt in den <strong>deutsch-portugiesische<\/strong>n und den <strong>deutsch-brasilianischen Rechtsbeziehungen<\/strong> sowie in den verschiedenen Gebieten des <strong>Zivil- Arbeits- und Wirtschaftsrechts<\/strong>.<\/p>\n<\/div><div class=\"fusion-clearfix\"><\/div><\/div><\/div><div class=\"fusion-layout-column fusion_builder_column fusion-builder-column-3 fusion_builder_column_1_2 1_2 fusion-one-half fusion-column-last\" style=\"--awb-bg-size:cover;--awb-margin-bottom:0px;width:50%;width:calc(50% - ( ( 4% ) * 0.5 ) );\"><div class=\"fusion-column-wrapper fusion-flex-column-wrapper-legacy\"><div class=\"fusion-text fusion-text-2\"><p>Aufgrund unserer internationalen Ausrichtung werden die an uns herangetragenen Sachverhalte stets in ihrem internationalrechtlichen Gesamtkontext und interkulturellen Hintergrund gew\u00fcrdigt und die ad\u00e4quaten L\u00f6sungen zusammen mit unseren Mandanten entwickelt .<\/p>\n<p>Die Beratung und Korrespondenz erfolgen selbstverst\u00e4ndlich sowohl auf <strong>Deutsch<\/strong> als auch auf <strong>Portugiesisch<\/strong> \u2013 die Kanzleigr\u00fcnderin spricht Portugiesisch als Muttersprache; weitere Fremdsprachen der Kanzlei sind noch <strong>Englisch, Franz\u00f6sisch und Spanisch<\/strong>.<\/p>\n<\/div><div class=\"fusion-clearfix\"><\/div><\/div><\/div><div class=\"fusion-layout-column fusion_builder_column fusion-builder-column-4 fusion_builder_column_1_1 1_1 fusion-one-full fusion-column-first fusion-column-last\" style=\"--awb-bg-size:cover;\"><div class=\"fusion-column-wrapper fusion-flex-column-wrapper-legacy\"><div class=\"fusion-clearfix\"><\/div><\/div><\/div><\/div><\/div><div class=\"fusion-fullwidth fullwidth-box fusion-builder-row-3 nonhundred-percent-fullwidth non-hundred-percent-height-scrolling startseite-rechtsgebiete\" style=\"--awb-border-radius-top-left:0px;--awb-border-radius-top-right:0px;--awb-border-radius-bottom-right:0px;--awb-border-radius-bottom-left:0px;--awb-margin-top:0px;--awb-flex-wrap:wrap;\" ><div class=\"fusion-builder-row fusion-row\"><div class=\"fusion-layout-column fusion_builder_column fusion-builder-column-5 fusion_builder_column_1_1 1_1 fusion-one-full fusion-column-first fusion-column-last\" style=\"--awb-bg-size:cover;\"><div class=\"fusion-column-wrapper fusion-flex-column-wrapper-legacy\"><div class=\"fusion-title title fusion-title-2 sep-underline sep-solid fusion-title-text fusion-title-size-two\" style=\"--awb-margin-top:40px;--awb-margin-top-small:0px;--awb-margin-right-small:0px;--awb-margin-bottom-small:20px;--awb-margin-left-small:0px;\"><h2 class=\"fusion-title-heading title-heading-left\" style=\"margin:0;\">RECHTSGEBIETE<\/h2><\/div><div class=\"fusion-content-boxes content-boxes columns row fusion-columns-4 fusion-columns-total-4 fusion-content-boxes-2 content-boxes-icon-on-top content-right\" style=\"--awb-title-color:#4e88aa;--awb-hover-accent-color:#4e88aa;--awb-circle-hover-accent-color:#4e88aa;\" data-animationOffset=\"top-into-view\"><div style=\"--awb-backgroundcolor:rgba(255,255,255,0);\" class=\"fusion-column content-box-column content-box-column content-box-column-1 col-lg-3 col-md-3 col-sm-3 fusion-content-box-hover content-box-column-first-in-row\"><div class=\"col content-box-wrapper content-wrapper link-area-link-icon link-type-text icon-hover-animation-fade\" data-animationOffset=\"top-into-view\"><div class=\"heading heading-with-icon icon-right\"><a class=\"heading-link\" href=\"https:\/\/veiga-law.com\/2017\/rechtsgebiete\/\" target=\"_self\"><div class=\"icon\"><i style=\"border-color:#333333;border-width:1px;background-color:#333333;box-sizing:content-box;height:60px;width:60px;line-height:60px;border-radius:50%;font-size:30px;\" aria-hidden=\"true\" class=\"fontawesome-icon fa-briefcase fas circle-yes\"><\/i><\/div><h2 class=\"content-box-heading\" style=\"--h2_typography-font-size:20px;line-height:25px;\">Arbeitsrecht<\/h2><\/a><\/div><div class=\"fusion-clearfix\"><\/div><div class=\"content-container\">\n<p>Das Arbeitsrecht bildet eine Kernkompetenz unserer Kanzlei und umfasst daher das gesamte Spektrum des individuellen und des kollektiven Arbeitsrechts, einschlie\u00dflich des europ\u00e4ischen Arbeitsrechts. Wir verf\u00fcgen daher \u00fcber langj\u00e4hrige Erfahrung, sowohl in der au\u00dfergerichtlichen Beratung und Vertretung, als auch in der Gerichtspraxis bei allen Instanzen.<\/p>\n<\/div><div class=\"fusion-clearfix\"><\/div><a class=\" fusion-read-more\" href=\"https:\/\/veiga-law.com\/2017\/rechtsgebiete\/\" target=\"_self\">Mehr zu Arbeitsrecht<\/a><div class=\"fusion-clearfix\"><\/div><\/div><\/div><div style=\"--awb-backgroundcolor:rgba(255,255,255,0);\" class=\"fusion-column content-box-column content-box-column content-box-column-2 col-lg-3 col-md-3 col-sm-3 fusion-content-box-hover \"><div class=\"col content-box-wrapper content-wrapper link-area-link-icon link-type-text icon-hover-animation-fade\" data-animationOffset=\"top-into-view\"><div class=\"heading heading-with-icon icon-right\"><a class=\"heading-link\" href=\"https:\/\/veiga-law.com\/2017\/rechtsgebiete\/\" target=\"_self\"><div class=\"icon\"><i style=\"border-color:#333333;border-width:1px;background-color:#333333;box-sizing:content-box;height:60px;width:60px;line-height:60px;border-radius:50%;font-size:30px;\" aria-hidden=\"true\" class=\"fontawesome-icon fa-sync fas circle-yes\"><\/i><\/div><h2 class=\"content-box-heading\" style=\"--h2_typography-font-size:20px;line-height:25px;\">Handels- und Gesellschaftsrecht<\/h2><\/a><\/div><div class=\"fusion-clearfix\"><\/div><div class=\"content-container\">\n<p>Internationale Handelsbeziehungen bed\u00fcrfen eine solide rechtliche Beratung und eine dauerhafte, juristisch stets aktuelle Betreuung, um bei zunehmender Komplexit\u00e4t auf dem globalisierten Markt erfolgreich bestehen zu k\u00f6nnen. Eine weitere, zentrale T\u00e4tigkeit unserer Kanzlei liegt auf den Gebieten des Handels- und Gesellschaftsrechts im internationalen Kontext.<\/p>\n<\/div><div class=\"fusion-clearfix\"><\/div><a class=\" fusion-read-more\" href=\"https:\/\/veiga-law.com\/2017\/rechtsgebiete\/\" target=\"_self\">Mehr zu Handels- und Gesellschaftsrecht<\/a><div class=\"fusion-clearfix\"><\/div><\/div><\/div><div style=\"--awb-backgroundcolor:rgba(255,255,255,0);\" class=\"fusion-column content-box-column content-box-column content-box-column-3 col-lg-3 col-md-3 col-sm-3 fusion-content-box-hover \"><div class=\"col content-box-wrapper content-wrapper link-area-link-icon link-type-text icon-hover-animation-fade\" data-animationOffset=\"top-into-view\"><div class=\"heading heading-with-icon icon-right\"><a class=\"heading-link\" href=\"https:\/\/veiga-law.com\/2017\/rechtsgebiete\/\" target=\"_self\"><div class=\"icon\"><i style=\"border-color:#333333;border-width:1px;background-color:#333333;box-sizing:content-box;height:60px;width:60px;line-height:60px;border-radius:50%;font-size:30px;\" aria-hidden=\"true\" class=\"fontawesome-icon fa-key fas circle-yes\"><\/i><\/div><h2 class=\"content-box-heading\" style=\"--h2_typography-font-size:20px;line-height:25px;\">Existenzgr\u00fcndungsberatung<\/h2><\/a><\/div><div class=\"fusion-clearfix\"><\/div><div class=\"content-container\">\n<p>Diese T\u00e4tigkeit umfasst s\u00e4mtliche, einzelne Fachgebiete unserer Kanzlei: bei einer Existenz- bzw. Firmengr\u00fcndung sind nicht nur das Arbeits-, das Handels- und das Gesellschaftsrecht gefragt, sondern der Standort des Markteintritts, diverse Beh\u00f6rdenanforderungen sowie oft auch familien- und erbrechtliche Auswirkungen mit zu ber\u00fccksichtigen.<\/p>\n<\/div><div class=\"fusion-clearfix\"><\/div><a class=\" fusion-read-more\" href=\"https:\/\/veiga-law.com\/2017\/rechtsgebiete\/\" target=\"_self\">Mehr zu Existenzgr\u00fcndungsberatung<\/a><div class=\"fusion-clearfix\"><\/div><\/div><\/div><div style=\"--awb-backgroundcolor:rgba(255,255,255,0);\" class=\"fusion-column content-box-column content-box-column content-box-column-4 col-lg-3 col-md-3 col-sm-3 fusion-content-box-hover content-box-column-last content-box-column-last-in-row\"><div class=\"col content-box-wrapper content-wrapper link-area-link-icon link-type-text icon-hover-animation-fade\" data-animationOffset=\"top-into-view\"><div class=\"heading heading-with-icon icon-right\"><a class=\"heading-link\" href=\"https:\/\/veiga-law.com\/2017\/rechtsgebiete\/\" target=\"_self\"><div class=\"icon\"><i style=\"border-color:#333333;border-width:1px;background-color:#333333;box-sizing:content-box;height:60px;width:60px;line-height:60px;border-radius:50%;font-size:30px;\" aria-hidden=\"true\" class=\"fontawesome-icon fa-university fas circle-yes\"><\/i><\/div><h2 class=\"content-box-heading\" style=\"--h2_typography-font-size:20px;line-height:25px;\">Europ\u00e4isches &amp; internationales Privatrecht<\/h2><\/a><\/div><div class=\"fusion-clearfix\"><\/div><div class=\"content-container\">\n<p>Das Internationale Privatrecht (IPR) geh\u00f6rt bei einer international agierenden Kanzlei zum juristischen Grundger\u00fcst: es ist die Ausgangsbasis zu Fragen internationaler Zust\u00e4ndigkeit und des auf den konkreten Fall anwendbaren, nationalen Rechts. Im Rahmen der europ\u00e4ischen Union ist das EU-Privatrecht von zentraler Bedeutung. Es besteht auch Erfahrung mit dem Europ\u00e4ischen Gerichtshof.<\/p>\n<\/div><div class=\"fusion-clearfix\"><\/div><a class=\" fusion-read-more\" href=\"https:\/\/veiga-law.com\/2017\/rechtsgebiete\/\" target=\"_self\">Mehr zu Europ\u00e4isches &amp; internationales Privatrecht<\/a><div class=\"fusion-clearfix\"><\/div><\/div><\/div><div class=\"fusion-clearfix\"><\/div><\/div><div class=\"fusion-content-boxes content-boxes columns row fusion-columns-4 fusion-columns-total-4 fusion-content-boxes-3 content-boxes-icon-on-top content-left\" style=\"--awb-title-color:#4e88aa;--awb-hover-accent-color:#4e88aa;--awb-circle-hover-accent-color:#4e88aa;\" data-animationOffset=\"top-into-view\"><div style=\"--awb-backgroundcolor:rgba(255,255,255,0);\" class=\"fusion-column content-box-column content-box-column content-box-column-1 col-lg-3 col-md-3 col-sm-3 fusion-content-box-hover content-box-column-first-in-row\"><div class=\"col content-box-wrapper content-wrapper link-area-link-icon link-type-text icon-hover-animation-fade\" data-animationOffset=\"top-into-view\"><div class=\"heading heading-with-icon icon-left\"><a class=\"heading-link\" href=\"https:\/\/veiga-law.com\/2017\/rechtsgebiete\/\" target=\"_self\"><div class=\"icon\"><i style=\"border-color:#333333;border-width:1px;background-color:#333333;box-sizing:content-box;height:60px;width:60px;line-height:60px;border-radius:50%;font-size:30px;\" aria-hidden=\"true\" class=\"fontawesome-icon fa-chart-bar far circle-yes\"><\/i><\/div><h2 class=\"content-box-heading\" style=\"--h2_typography-font-size:20px;line-height:25px;\">Wirtschaftsrecht<\/h2><\/a><\/div><div class=\"fusion-clearfix\"><\/div><div class=\"content-container\">\n<p>Bei Firmengr\u00fcndungen sowie bei der st\u00e4ndigen Beratung und Betreuung von Unternehmen geh\u00f6ren auch weitere, einzelne Fragen des Wirtschaftsrechts zur T\u00e4tigkeit unserer Kanzlei, wie u.a. einschl\u00e4gige Fragen des Marken- und des Patentrechts sowie des Wettbewerbs, einschlie\u00dflich des unlauteren Wettbewerbs.<\/p>\n<\/div><div class=\"fusion-clearfix\"><\/div><a class=\" fusion-read-more\" href=\"https:\/\/veiga-law.com\/2017\/rechtsgebiete\/\" target=\"_self\">Mehr zu Wirtschaftsrecht<\/a><div class=\"fusion-clearfix\"><\/div><\/div><\/div><div style=\"--awb-backgroundcolor:rgba(255,255,255,0);\" class=\"fusion-column content-box-column content-box-column content-box-column-2 col-lg-3 col-md-3 col-sm-3 fusion-content-box-hover \"><div class=\"col content-box-wrapper content-wrapper link-area-link-icon link-type-text icon-hover-animation-fade\" data-animationOffset=\"top-into-view\"><div class=\"heading heading-with-icon icon-left\"><a class=\"heading-link\" href=\"https:\/\/veiga-law.com\/2017\/rechtsgebiete\/\" target=\"_self\"><div class=\"icon\"><i style=\"border-color:#333333;border-width:1px;background-color:#333333;box-sizing:content-box;height:60px;width:60px;line-height:60px;border-radius:50%;font-size:30px;\" aria-hidden=\"true\" class=\"fontawesome-icon fa-users fas circle-yes\"><\/i><\/div><h2 class=\"content-box-heading\" style=\"--h2_typography-font-size:20px;line-height:25px;\">Familien- und Erbrecht<\/h2><\/a><\/div><div class=\"fusion-clearfix\"><\/div><div class=\"content-container\">\n<p>Das Familien- und Erbrecht, insbesondere im internationalen deutsch- portugiesischen und deutsch-brasilianischen Kontext, geh\u00f6ren ebenso zu unserer langj\u00e4hrigen T\u00e4tigkeit, ob bei internationalen Ehevertr\u00e4gen, Ehescheidungen und Folgesachen oder bei der Gestaltung von Testamenten und der Durchf\u00fchrung von internationalen Erbauseinandersetzungen.<\/p>\n<\/div><div class=\"fusion-clearfix\"><\/div><a class=\" fusion-read-more\" href=\"https:\/\/veiga-law.com\/2017\/rechtsgebiete\/\" target=\"_self\">Mehr zu Familien- und Erbrecht<\/a><div class=\"fusion-clearfix\"><\/div><\/div><\/div><div style=\"--awb-backgroundcolor:rgba(255,255,255,0);\" class=\"fusion-column content-box-column content-box-column content-box-column-3 col-lg-3 col-md-3 col-sm-3 fusion-content-box-hover \"><div class=\"col content-box-wrapper content-wrapper link-area-link-icon link-type-text icon-hover-animation-fade\" data-animationOffset=\"top-into-view\"><div class=\"heading heading-with-icon icon-left\"><a class=\"heading-link\" href=\"https:\/\/veiga-law.com\/2017\/rechtsgebiete\/\" target=\"_self\"><div class=\"icon\"><i style=\"border-color:#333333;border-width:1px;background-color:#333333;box-sizing:content-box;height:60px;width:60px;line-height:60px;border-radius:50%;font-size:30px;\" aria-hidden=\"true\" class=\"fontawesome-icon fa-cubes fas circle-yes\"><\/i><\/div><h2 class=\"content-box-heading\" style=\"--h2_typography-font-size:20px;line-height:25px;\">Immobilienrecht<\/h2><\/a><\/div><div class=\"fusion-clearfix\"><\/div><div class=\"content-container\">\n<p>Immobilien im Ausland spielen ebenso eine wichtige Rolle in unserer Kanzleipraxis, unter anderem im Zuge von familien- und erbrechtlichen Angelegenheiten. Sie verlangen Sachkompetenz auch auf dem Gebiet des jeweiligen ausl\u00e4ndischen Immobilienrechts, einschlie\u00dflich Grundbuchfragen und notariellen Besonderheiten.<\/p>\n<\/div><div class=\"fusion-clearfix\"><\/div><a class=\" fusion-read-more\" href=\"https:\/\/veiga-law.com\/2017\/rechtsgebiete\/\" target=\"_self\">Mehr zu Immobilienrecht<\/a><div class=\"fusion-clearfix\"><\/div><\/div><\/div><div style=\"--awb-backgroundcolor:rgba(255,255,255,0);\" class=\"fusion-column content-box-column content-box-column content-box-column-4 col-lg-3 col-md-3 col-sm-3 fusion-content-box-hover content-box-column-last content-box-column-last-in-row\"><div class=\"col content-box-wrapper content-wrapper link-area-link-icon link-type-text icon-hover-animation-fade\" data-animationOffset=\"top-into-view\"><div class=\"heading heading-with-icon icon-left\"><a class=\"heading-link\" href=\"https:\/\/veiga-law.com\/2017\/rechtsgebiete\/\" target=\"_self\"><div class=\"icon\"><i style=\"border-color:#333333;border-width:1px;background-color:#333333;box-sizing:content-box;height:60px;width:60px;line-height:60px;border-radius:50%;font-size:30px;\" aria-hidden=\"true\" class=\"fontawesome-icon fa-shopping-cart fas circle-yes\"><\/i><\/div><h2 class=\"content-box-heading\" style=\"--h2_typography-font-size:20px;line-height:25px;\">Lebensmittelrecht<\/h2><\/a><\/div><div class=\"fusion-clearfix\"><\/div><div class=\"content-container\">\n<p>Das Lebensmittelrecht ist innerhalb der EU durch Verordnungen und Richtlinien vielfach geregelt; Verordnungen sind zwar unmittelbar anwendbar, Richtlinien m\u00fcssen noch in den einzelnen Mitgliedstaaten mittels nationaler Vorschriften umgesetzt werden. Brasilien, einer der gr\u00f6\u00dften Lebensmittelproduzenten und -exporteure weltweit, verf\u00fcgt \u00fcber eigene, umfangreiche Regelungen, auf allen staatlichen Ebenen (Bund-, Bundesstaaten, Kommunen).<\/p>\n<\/div><div class=\"fusion-clearfix\"><\/div><a class=\" fusion-read-more\" href=\"https:\/\/veiga-law.com\/2017\/rechtsgebiete\/\" target=\"_self\">Mehr zu Lebensmittelrecht<\/a><div class=\"fusion-clearfix\"><\/div><\/div><\/div><div class=\"fusion-clearfix\"><\/div><\/div><div class=\"fusion-clearfix\"><\/div><\/div><\/div><\/div><\/div><div class=\"fusion-fullwidth fullwidth-box fusion-builder-row-4 nonhundred-percent-fullwidth non-hundred-percent-height-scrolling\" style=\"--awb-border-radius-top-left:0px;--awb-border-radius-top-right:0px;--awb-border-radius-bottom-right:0px;--awb-border-radius-bottom-left:0px;--awb-margin-top:60px;--awb-background-color:#4e88aa;--awb-flex-wrap:wrap;\" ><div class=\"fusion-builder-row fusion-row\"><div class=\"fusion-layout-column fusion_builder_column fusion-builder-column-6 fusion_builder_column_1_1 1_1 fusion-one-full fusion-column-first fusion-column-last\" style=\"--awb-padding-top:40px;--awb-bg-color:#4e88aa;--awb-bg-color-hover:#4e88aa;--awb-bg-size:cover;--awb-margin-bottom:0px;\"><div class=\"fusion-column-wrapper fusion-flex-column-wrapper-legacy\"><div class=\"fusion-reading-box-container reading-box-container-1\" style=\"--awb-title-color:#4d88aa;--awb-margin-top:-40px;--awb-margin-bottom:0px;\"><div class=\"reading-box reading-box-center\" style=\"background-color:#4e88aa;border-width:0px;border-color:#f6f6f6;border-style:solid;\"><a class=\"button fusion-button button-default fusion-button-default-size button-default-size button-flat fusion-mobile-button continue-center\" style=\"-webkit-box-shadow:none;-moz-box-shadow:none;box-shadow:none;border-radius:  \" href=\"https:\/\/veiga-law.com\/2017\/kontakt\/\" target=\"_self\"><span>Kontakt<\/span><\/a><\/div><\/div><div class=\"fusion-clearfix\"><\/div><\/div><\/div><\/div><\/div><\/p>\n","protected":false},"excerpt":{"rendered":"","protected":false},"author":1,"featured_media":0,"parent":0,"menu_order":0,"comment_status":"closed","ping_status":"closed","template":"100-width.php","meta":{"footnotes":""},"class_list":["post-2","page","type-page","status-publish","hentry"],"yoast_head":"<!-- This site is optimized with the Yoast SEO plugin v27.4 - https:\/\/yoast.com\/product\/yoast-seo-wordpress\/ -->\n<title>Startseite - VEIGA Rechtsanwaltskanzlei - RA Maria Veiga Frankfurt<\/title>\n<meta name=\"robots\" content=\"index, follow, max-snippet:-1, max-image-preview:large, max-video-preview:-1\" \/>\n<link rel=\"canonical\" href=\"https:\/\/veiga-law.com\/2017\/\" \/>\n<meta property=\"og:locale\" content=\"de_DE\" \/>\n<meta property=\"og:type\" content=\"article\" \/>\n<meta property=\"og:title\" content=\"Startseite - VEIGA Rechtsanwaltskanzlei - RA Maria Veiga Frankfurt\" \/>\n<meta property=\"og:url\" content=\"https:\/\/veiga-law.com\/2017\/\" \/>\n<meta property=\"og:site_name\" content=\"VEIGA Rechtsanwaltskanzlei - RA Maria Veiga Frankfurt\" \/>\n<meta property=\"article:modified_time\" content=\"2024-11-18T14:53:44+00:00\" \/>\n<meta name=\"twitter:card\" content=\"summary_large_image\" \/>\n<meta name=\"twitter:label1\" content=\"Gesch\u00e4tzte Lesezeit\" \/>\n\t<meta name=\"twitter:data1\" content=\"3\u00a0Minuten\" \/>\n<script type=\"application\/ld+json\" class=\"yoast-schema-graph\">{\"@context\":\"https:\\\/\\\/schema.org\",\"@graph\":[{\"@type\":\"WebPage\",\"@id\":\"https:\\\/\\\/veiga-law.com\\\/2017\\\/\",\"url\":\"https:\\\/\\\/veiga-law.com\\\/2017\\\/\",\"name\":\"Startseite - VEIGA Rechtsanwaltskanzlei - RA Maria Veiga Frankfurt\",\"isPartOf\":{\"@id\":\"https:\\\/\\\/veiga-law.com\\\/2017\\\/#website\"},\"datePublished\":\"2017-11-13T13:42:05+00:00\",\"dateModified\":\"2024-11-18T14:53:44+00:00\",\"breadcrumb\":{\"@id\":\"https:\\\/\\\/veiga-law.com\\\/2017\\\/#breadcrumb\"},\"inLanguage\":\"de\",\"potentialAction\":[{\"@type\":\"ReadAction\",\"target\":[\"https:\\\/\\\/veiga-law.com\\\/2017\\\/\"]}]},{\"@type\":\"BreadcrumbList\",\"@id\":\"https:\\\/\\\/veiga-law.com\\\/2017\\\/#breadcrumb\",\"itemListElement\":[{\"@type\":\"ListItem\",\"position\":1,\"name\":\"Startseite\",\"item\":\"https:\\\/\\\/veiga-law.com\\\/2017\\\/\"},{\"@type\":\"ListItem\",\"position\":2,\"name\":\"Startseite\"}]},{\"@type\":\"WebSite\",\"@id\":\"https:\\\/\\\/veiga-law.com\\\/2017\\\/#website\",\"url\":\"https:\\\/\\\/veiga-law.com\\\/2017\\\/\",\"name\":\"VEIGA Rechtsanwaltskanzlei - RA Maria Veiga Frankfurt\",\"description\":\"\",\"potentialAction\":[{\"@type\":\"SearchAction\",\"target\":{\"@type\":\"EntryPoint\",\"urlTemplate\":\"https:\\\/\\\/veiga-law.com\\\/2017\\\/?s={search_term_string}\"},\"query-input\":{\"@type\":\"PropertyValueSpecification\",\"valueRequired\":true,\"valueName\":\"search_term_string\"}}],\"inLanguage\":\"de\"}]}<\/script>\n<!-- \/ Yoast SEO plugin. -->","yoast_head_json":{"title":"Startseite - VEIGA Rechtsanwaltskanzlei - RA Maria Veiga Frankfurt","robots":{"index":"index","follow":"follow","max-snippet":"max-snippet:-1","max-image-preview":"max-image-preview:large","max-video-preview":"max-video-preview:-1"},"canonical":"https:\/\/veiga-law.com\/2017\/","og_locale":"de_DE","og_type":"article","og_title":"Startseite - VEIGA Rechtsanwaltskanzlei - RA Maria Veiga Frankfurt","og_url":"https:\/\/veiga-law.com\/2017\/","og_site_name":"VEIGA Rechtsanwaltskanzlei - RA Maria Veiga Frankfurt","article_modified_time":"2024-11-18T14:53:44+00:00","twitter_card":"summary_large_image","twitter_misc":{"Gesch\u00e4tzte Lesezeit":"3\u00a0Minuten"},"schema":{"@context":"https:\/\/schema.org","@graph":[{"@type":"WebPage","@id":"https:\/\/veiga-law.com\/2017\/","url":"https:\/\/veiga-law.com\/2017\/","name":"Startseite - VEIGA Rechtsanwaltskanzlei - RA Maria Veiga Frankfurt","isPartOf":{"@id":"https:\/\/veiga-law.com\/2017\/#website"},"datePublished":"2017-11-13T13:42:05+00:00","dateModified":"2024-11-18T14:53:44+00:00","breadcrumb":{"@id":"https:\/\/veiga-law.com\/2017\/#breadcrumb"},"inLanguage":"de","potentialAction":[{"@type":"ReadAction","target":["https:\/\/veiga-law.com\/2017\/"]}]},{"@type":"BreadcrumbList","@id":"https:\/\/veiga-law.com\/2017\/#breadcrumb","itemListElement":[{"@type":"ListItem","position":1,"name":"Startseite","item":"https:\/\/veiga-law.com\/2017\/"},{"@type":"ListItem","position":2,"name":"Startseite"}]},{"@type":"WebSite","@id":"https:\/\/veiga-law.com\/2017\/#website","url":"https:\/\/veiga-law.com\/2017\/","name":"VEIGA Rechtsanwaltskanzlei - RA Maria Veiga Frankfurt","description":"","potentialAction":[{"@type":"SearchAction","target":{"@type":"EntryPoint","urlTemplate":"https:\/\/veiga-law.com\/2017\/?s={search_term_string}"},"query-input":{"@type":"PropertyValueSpecification","valueRequired":true,"valueName":"search_term_string"}}],"inLanguage":"de"}]}},"_links":{"self":[{"href":"https:\/\/veiga-law.com\/2017\/wp-json\/wp\/v2\/pages\/2","targetHints":{"allow":["GET"]}}],"collection":[{"href":"https:\/\/veiga-law.com\/2017\/wp-json\/wp\/v2\/pages"}],"about":[{"href":"https:\/\/veiga-law.com\/2017\/wp-json\/wp\/v2\/types\/page"}],"author":[{"embeddable":true,"href":"https:\/\/veiga-law.com\/2017\/wp-json\/wp\/v2\/users\/1"}],"replies":[{"embeddable":true,"href":"https:\/\/veiga-law.com\/2017\/wp-json\/wp\/v2\/comments?post=2"}],"version-history":[{"count":11,"href":"https:\/\/veiga-law.com\/2017\/wp-json\/wp\/v2\/pages\/2\/revisions"}],"predecessor-version":[{"id":533,"href":"https:\/\/veiga-law.com\/2017\/wp-json\/wp\/v2\/pages\/2\/revisions\/533"}],"wp:attachment":[{"href":"https:\/\/veiga-law.com\/2017\/wp-json\/wp\/v2\/media?parent=2"}],"curies":[{"name":"wp","href":"https:\/\/api.w.org\/{rel}","templated":true}]}}