{"id":20,"date":"2017-11-15T17:54:15","date_gmt":"2017-11-15T16:54:15","guid":{"rendered":"http:\/\/veiga-law.com\/2017\/?page_id=20"},"modified":"2024-11-18T15:53:32","modified_gmt":"2024-11-18T14:53:32","slug":"rechtsgebiete","status":"publish","type":"page","link":"https:\/\/veiga-law.com\/2017\/rechtsgebiete\/","title":{"rendered":"Rechtsgebiete"},"content":{"rendered":"<p><div class=\"fusion-fullwidth fullwidth-box fusion-builder-row-1 nonhundred-percent-fullwidth non-hundred-percent-height-scrolling\" style=\"--awb-border-radius-top-left:0px;--awb-border-radius-top-right:0px;--awb-border-radius-bottom-right:0px;--awb-border-radius-bottom-left:0px;--awb-margin-top:-70px;--awb-margin-bottom:0px;--awb-background-color:#4e88aa;--awb-flex-wrap:wrap;\" ><div class=\"fusion-builder-row fusion-row\"><div class=\"fusion-layout-column fusion_builder_column fusion-builder-column-0 fusion_builder_column_1_1 1_1 fusion-one-full fusion-column-first fusion-column-last\" style=\"--awb-padding-top:40px;--awb-bg-color:#4e88aa;--awb-bg-color-hover:#4e88aa;--awb-bg-size:cover;--awb-margin-bottom:0px;\"><div class=\"fusion-column-wrapper fusion-flex-column-wrapper-legacy\"><div class=\"fusion-content-boxes content-boxes columns row fusion-columns-4 fusion-columns-total-4 fusion-content-boxes-1 content-boxes-icon-with-title content-left information\" style=\"--awb-backgroundcolor:rgba(160,160,160,0);--awb-body-color:#ffffff;--awb-title-color:#ffffff;--awb-margin-top:0px;--awb-margin-bottom:0px;--awb-hover-accent-color:#a0ce4e;--awb-circle-hover-accent-color:#a0ce4e;\" data-animationOffset=\"top-into-view\"><div style=\"--awb-backgroundcolor:rgba(160,160,160,0);\" class=\"fusion-column content-box-column content-box-column content-box-column-1 col-lg-3 col-md-3 col-sm-3 fusion-content-box-hover content-box-column-first-in-row\"><div class=\"col content-box-wrapper content-wrapper link-area-link-icon icon-hover-animation-fade\" data-animationOffset=\"top-into-view\"><div class=\"fusion-clearfix\"><\/div><div class=\"content-container\">\n<p><strong>Maria Veiga<\/strong><br \/>\nRechtsanw\u00e4ltin<br \/>\nFachanw\u00e4ltin f\u00fcr Arbeitsrecht<\/p>\n<\/div><\/div><\/div><div style=\"--awb-backgroundcolor:rgba(160,160,160,0);\" class=\"fusion-column content-box-column content-box-column content-box-column-2 col-lg-3 col-md-3 col-sm-3 fusion-content-box-hover \"><div class=\"col content-box-wrapper content-wrapper link-area-link-icon icon-hover-animation-fade\" data-animationOffset=\"top-into-view\"><div class=\"fusion-clearfix\"><\/div><div class=\"content-container\">\n<p><strong>Weitere Schwerpunkte<\/strong><br \/>\nHandels- und Gesellschaftsrecht<br \/>\nInternationales Privatrecht<br \/>\nFamilien- und Erbrecht<\/p>\n<\/div><\/div><\/div><div style=\"--awb-backgroundcolor:rgba(160,160,160,0);\" class=\"fusion-column content-box-column content-box-column content-box-column-3 col-lg-3 col-md-3 col-sm-3 fusion-content-box-hover \"><div class=\"col content-box-wrapper content-wrapper link-area-link-icon icon-hover-animation-fade\" data-animationOffset=\"top-into-view\"><div class=\"fusion-clearfix\"><\/div><div class=\"content-container\">\n<p>Wildunger Str. 1a<br \/>\nD-60487 Frankfurt am Main<\/p>\n<\/div><\/div><\/div><div style=\"--awb-backgroundcolor:rgba(150,150,150,0);\" class=\"fusion-column content-box-column content-box-column content-box-column-4 col-lg-3 col-md-3 col-sm-3 fusion-content-box-hover content-box-column-last content-box-column-last-in-row\"><div class=\"col content-box-wrapper content-wrapper link-area-link-icon icon-hover-animation-fade\" data-animationOffset=\"top-into-view\"><div class=\"fusion-clearfix\"><\/div><div class=\"content-container\">\n<p>Telefon\u00a0+49 (0) 69 970 86 280<br \/>\nFax\u00a0+49 (0) 69 970 86 281<br \/>\n<a href=\"mailto:mail@veiga-law.com\">mail@veiga-law.com<\/a><br \/>\n<a href=\"https:\/\/veiga-law.com\/\">www.veiga-law.com<\/a><\/p>\n<\/div><\/div><\/div><div class=\"fusion-clearfix\"><\/div><\/div><div class=\"fusion-clearfix\"><\/div><\/div><\/div><\/div><div class=\"fusion-builder-row fusion-row\"><\/div><\/div><div class=\"fusion-fullwidth fullwidth-box fusion-builder-row-2 nonhundred-percent-fullwidth non-hundred-percent-height-scrolling startseite-rechtsgebiete\" style=\"--awb-border-radius-top-left:0px;--awb-border-radius-top-right:0px;--awb-border-radius-bottom-right:0px;--awb-border-radius-bottom-left:0px;--awb-margin-top:40px;--awb-margin-bottom:40px;--awb-flex-wrap:wrap;\" ><div class=\"fusion-builder-row fusion-row\"><div class=\"fusion-layout-column fusion_builder_column fusion-builder-column-1 fusion_builder_column_1_1 1_1 fusion-one-full fusion-column-first fusion-column-last\" style=\"--awb-bg-size:cover;\"><div class=\"fusion-column-wrapper fusion-flex-column-wrapper-legacy\"><div class=\"fusion-title title fusion-title-1 sep-underline sep-solid fusion-title-text fusion-title-size-two\" style=\"--awb-margin-top-small:0px;--awb-margin-right-small:0px;--awb-margin-bottom-small:20px;--awb-margin-left-small:0px;\"><h2 class=\"fusion-title-heading title-heading-left\" style=\"margin:0;\">RECHTSGEBIETE<\/h2><\/div><div class=\"fusion-tabs fusion-tabs-1 clean vertical-tabs icon-position-left mobile-mode-accordion\" style=\"--awb-title-border-radius-top-left:0px;--awb-title-border-radius-top-right:0px;--awb-title-border-radius-bottom-right:0px;--awb-title-border-radius-bottom-left:0px;--awb-inactive-color:#ebeaea;--awb-background-color:#ffffff;--awb-border-color:#ebeaea;--awb-active-border-color:#4e88aa;\"><div class=\"nav\"><ul class=\"nav-tabs\" role=\"tablist\" aria-orientation=\"vertical\"><li class=\"active\" role=\"presentation\"><a class=\"tab-link\" data-toggle=\"tab\" role=\"tab\" aria-controls=\"tab-cea7b0927882671a1d0\" aria-selected=\"true\" tabindex=\"0\" id=\"fusion-tab-cea7b0927882671a1d0\" href=\"#tab-cea7b0927882671a1d0\"><h4 class=\"fusion-tab-heading\"><i class=\"fontawesome-icon fa-briefcase fas\" aria-hidden=\"true\" style=\"font-size:13px;\"><\/i>Arbeitsrecht<\/h4><\/a><\/li><li  role=\"presentation\"><a class=\"tab-link\" data-toggle=\"tab\" role=\"tab\" aria-controls=\"tab-e776d9755843e8749e9\" aria-selected=\"false\" tabindex=\"-1\" id=\"fusion-tab-e776d9755843e8749e9\" href=\"#tab-e776d9755843e8749e9\"><h4 class=\"fusion-tab-heading\"><i class=\"fontawesome-icon fa-sync fas\" aria-hidden=\"true\" style=\"font-size:13px;\"><\/i>Handels- &amp; Gesellschaftsrecht<\/h4><\/a><\/li><li  role=\"presentation\"><a class=\"tab-link\" data-toggle=\"tab\" role=\"tab\" aria-controls=\"tab-e8ab2d2de68e06dcc72\" aria-selected=\"false\" tabindex=\"-1\" id=\"fusion-tab-e8ab2d2de68e06dcc72\" href=\"#tab-e8ab2d2de68e06dcc72\"><h4 class=\"fusion-tab-heading\"><i class=\"fontawesome-icon fa-key fas\" aria-hidden=\"true\" style=\"font-size:13px;\"><\/i>Existenzgr\u00fcndungsberatung<\/h4><\/a><\/li><li  role=\"presentation\"><a class=\"tab-link\" data-toggle=\"tab\" role=\"tab\" aria-controls=\"tab-86904565c40fa5911d0\" aria-selected=\"false\" tabindex=\"-1\" id=\"fusion-tab-86904565c40fa5911d0\" href=\"#tab-86904565c40fa5911d0\"><h4 class=\"fusion-tab-heading\"><i class=\"fontawesome-icon fa-university fas\" aria-hidden=\"true\" style=\"font-size:13px;\"><\/i>Europ\u00e4isches &amp; internationales Privatrecht<\/h4><\/a><\/li><li  role=\"presentation\"><a class=\"tab-link\" data-toggle=\"tab\" role=\"tab\" aria-controls=\"tab-bdcb415e49130773859\" aria-selected=\"false\" tabindex=\"-1\" id=\"fusion-tab-bdcb415e49130773859\" href=\"#tab-bdcb415e49130773859\"><h4 class=\"fusion-tab-heading\"><i class=\"fontawesome-icon fa-chart-bar far\" aria-hidden=\"true\" style=\"font-size:13px;\"><\/i>Wirtschaftsrecht<\/h4><\/a><\/li><li  role=\"presentation\"><a class=\"tab-link\" data-toggle=\"tab\" role=\"tab\" aria-controls=\"tab-10b65a0971299f4bff5\" aria-selected=\"false\" tabindex=\"-1\" id=\"fusion-tab-10b65a0971299f4bff5\" href=\"#tab-10b65a0971299f4bff5\"><h4 class=\"fusion-tab-heading\"><i class=\"fontawesome-icon fa-users fas\" aria-hidden=\"true\" style=\"font-size:13px;\"><\/i>Familien- &amp; Erbrecht<\/h4><\/a><\/li><li  role=\"presentation\"><a class=\"tab-link\" data-toggle=\"tab\" role=\"tab\" aria-controls=\"tab-c87a94181a446f2d81e\" aria-selected=\"false\" tabindex=\"-1\" id=\"fusion-tab-c87a94181a446f2d81e\" href=\"#tab-c87a94181a446f2d81e\"><h4 class=\"fusion-tab-heading\"><i class=\"fontawesome-icon fa-cubes fas\" aria-hidden=\"true\" style=\"font-size:13px;\"><\/i>Immobilienrecht<\/h4><\/a><\/li><li  role=\"presentation\"><a class=\"tab-link\" data-toggle=\"tab\" role=\"tab\" aria-controls=\"tab-ccb01fe43d8c16e0fff\" aria-selected=\"false\" tabindex=\"-1\" id=\"fusion-tab-ccb01fe43d8c16e0fff\" href=\"#tab-ccb01fe43d8c16e0fff\"><h4 class=\"fusion-tab-heading\"><i class=\"fontawesome-icon fa-shopping-cart fas\" aria-hidden=\"true\" style=\"font-size:13px;\"><\/i>Lebensmittelrecht<\/h4><\/a><\/li><\/ul><\/div><div class=\"tab-content\"><div class=\"nav fusion-mobile-tab-nav\"><ul class=\"nav-tabs\" role=\"tablist\" aria-orientation=\"vertical\"><li class=\"active\" role=\"presentation\"><a class=\"tab-link\" data-toggle=\"tab\" role=\"tab\" aria-controls=\"tab-cea7b0927882671a1d0\" aria-selected=\"true\" tabindex=\"0\" id=\"mobile-fusion-tab-cea7b0927882671a1d0\" href=\"#tab-cea7b0927882671a1d0\"><h4 class=\"fusion-tab-heading\"><i class=\"fontawesome-icon fa-briefcase fas\" aria-hidden=\"true\" style=\"font-size:13px;\"><\/i>Arbeitsrecht<\/h4><\/a><\/li><\/ul><\/div><div class=\"tab-pane fade fusion-clearfix in active\" role=\"tabpanel\" tabindex=\"0\" aria-labelledby=\"fusion-tab-cea7b0927882671a1d0\" id=\"tab-cea7b0927882671a1d0\">\n<p>Frau Rechtsanw\u00e4ltin Veiga ist Fachanw\u00e4ltin f\u00fcr Arbeitsrecht. Bereits seit Beginn ihrer langj\u00e4hrigen, anwaltlichen T\u00e4tigkeit (1995) ist sie mit s\u00e4mtlichen Fragen des Arbeitsrechts besch\u00e4ftigt und zwar, auch auf dem Gebiet des europ\u00e4ischen Arbeitsrechts, insbesondere im deutsch-portugiesischen Kontext.<\/p>\n<p>Wir verf\u00fcgen daher \u00fcber eine langj\u00e4hrige Erfahrung, sowohl in der Beratung und Erarbeitung relevanter Texte \u2013 wie u.a. Arbeitsvertr\u00e4ge und Vereinbarungen aller Art \u2013 als auch in der forensischen Praxis, durch Vertretung bei Arbeitsgerichten aller Instanzen, mithin auch beim Bundesarbeitsgericht, und sogar beim Europ\u00e4ischen Gerichtshof.<\/p>\n<ul style=\"--awb-size:16px;--awb-line-height:27.2px;--awb-icon-width:27.2px;--awb-icon-height:27.2px;--awb-icon-margin:11.2px;--awb-content-margin:38.4px;--awb-circlecolor:#4e88aa;--awb-circle-yes-font-size:14.08px;\" class=\"fusion-checklist fusion-checklist-1 fusion-checklist-default type-icons\"><li class=\"fusion-li-item\" style=\"\"><span class=\"icon-wrapper circle-yes\"><i class=\"fusion-li-icon awb-icon-check\" aria-hidden=\"true\"><\/i><\/span><div class=\"fusion-li-item-content\">\n<p><strong>Individuelles Arbeitsrecht:<\/strong><\/p>\n<ul>\n<li>Arbeitsvertragsrecht<\/li>\n<li>Berufsbildungsverh\u00e4ltnisse<\/li>\n<li>Betriebliche Altersversorgung<\/li>\n<li>Entsendung von Arbeitnehmern, ausl\u00e4ndische Arbeitsvertr\u00e4ge<\/li>\n<li>K\u00fcndigungsschutz<\/li>\n<li>Mutterschutz und Schwerbehindertenrecht<\/li>\n<\/ul>\n<\/div><\/li><li class=\"fusion-li-item\" style=\"\"><span class=\"icon-wrapper circle-yes\"><i class=\"fusion-li-icon awb-icon-check\" aria-hidden=\"true\"><\/i><\/span><div class=\"fusion-li-item-content\">\n<p><strong>Kollektives Arbeitsrecht<\/strong><\/p>\n<ul>\n<li>Betriebsverfassungsrecht<\/li>\n<li>Tarifrecht<\/li>\n<\/ul>\n<\/div><\/li><\/ul>\n<\/div><div class=\"nav fusion-mobile-tab-nav\"><ul class=\"nav-tabs\" role=\"tablist\" aria-orientation=\"vertical\"><li  role=\"presentation\"><a class=\"tab-link\" data-toggle=\"tab\" role=\"tab\" aria-controls=\"tab-e776d9755843e8749e9\" aria-selected=\"false\" tabindex=\"-1\" id=\"mobile-fusion-tab-e776d9755843e8749e9\" href=\"#tab-e776d9755843e8749e9\"><h4 class=\"fusion-tab-heading\"><i class=\"fontawesome-icon fa-sync fas\" aria-hidden=\"true\" style=\"font-size:13px;\"><\/i>Handels- &amp; Gesellschaftsrecht<\/h4><\/a><\/li><\/ul><\/div><div class=\"tab-pane fade fusion-clearfix\" role=\"tabpanel\" tabindex=\"0\" aria-labelledby=\"fusion-tab-e776d9755843e8749e9\" id=\"tab-e776d9755843e8749e9\">\n<p>Das Handelsvertreterrecht spielt eine sehr wichtige Rolle in der handelsrechtlichen Beratung, insbesondere im internationalen Kontext. Im Rahmen der EU gilt zwar die Handelsvertreter-RichtIinie, diese wird jedoch von den einzelnen Mitgliedstaaten in nationales Recht umgesetzt, sodass stets das jeweils anwendbare, materielle Recht und dessen Besonderheiten zu beachten sind. In Bezug auf Brasilien erfordert die Ausarbeitung von Handelsvertretervertr\u00e4gen spezielle Kenntnisse des brasilianischen Handelsvertreterrechts.<\/p>\n<p>Bei der Beratung zur Gr\u00fcndung von Gesellschaften in Deutschland und Ausarbeitung der entsprechenden Gesellschaftsvertr\u00e4gen mit ausl\u00e4ndischen Gesellschaftern (Firmen oder Privatpersonen) sind nicht nur fundierte Kenntnisse des deutschen Gesellschaftsrechts eine Grundvoraussetzung; unsere Kanzlei kann ebenfalls auf Kenntnisse des Gesellschaftsrechts in Portugal und Brasilien zur\u00fcckgreifen. Es geh\u00f6rt noch zu unserer langj\u00e4hrigen Erfahrung die Beratung und Ausarbeitung von Gesch\u00e4ftsf\u00fchrervertr\u00e4gen. Das gesamte Spektrum unserer T\u00e4tigkeit im Handels- und Gesellschaftsrecht umfasst daher, unter anderem:<\/p>\n<ul>\n<li>Handelsvertreterrecht, Handelsvertretervertr\u00e4ge<\/li>\n<li>Beratung und Ausarbeitung weiterer, handelsrechtlicher Vertr\u00e4ge<\/li>\n<li>Allgemeine Kauf \u2013 und Lieferbedingungen unter Kaufleuten<\/li>\n<li>Gr\u00fcndung von (Personen \u2013 und juristischen) Gesellschaften<\/li>\n<li>Vorbereiten und Abhalten von Gesellschafterversammlungen<\/li>\n<li>Erstellung von Gesch\u00e4ftsf\u00fchrervertr\u00e4gen<\/li>\n<\/ul>\n<\/div><div class=\"nav fusion-mobile-tab-nav\"><ul class=\"nav-tabs\" role=\"tablist\" aria-orientation=\"vertical\"><li  role=\"presentation\"><a class=\"tab-link\" data-toggle=\"tab\" role=\"tab\" aria-controls=\"tab-e8ab2d2de68e06dcc72\" aria-selected=\"false\" tabindex=\"-1\" id=\"mobile-fusion-tab-e8ab2d2de68e06dcc72\" href=\"#tab-e8ab2d2de68e06dcc72\"><h4 class=\"fusion-tab-heading\"><i class=\"fontawesome-icon fa-key fas\" aria-hidden=\"true\" style=\"font-size:13px;\"><\/i>Existenzgr\u00fcndungsberatung<\/h4><\/a><\/li><\/ul><\/div><div class=\"tab-pane fade fusion-clearfix\" role=\"tabpanel\" tabindex=\"0\" aria-labelledby=\"fusion-tab-e8ab2d2de68e06dcc72\" id=\"tab-e8ab2d2de68e06dcc72\">\n<p>Im Zuge der Globalisierung hat die Existenzgr\u00fcndungsberatung im Grunde stets eine internationale Dimension; immer mehr ausl\u00e4ndische Gesch\u00e4ftsleute streben einen Markteinstieg in Deutschland, ob als Tor zum EU-Binnenmarkt, wenn sie aus Drittl\u00e4ndern kommen, oder als weiteren, zentralen Standort in Europa. Dies erfordert eine sorgf\u00e4ltige, fach\u00fcbergreifende rechtliche Beratung:<\/p>\n<ul>\n<li>Beratung bez\u00fcglich des geeigneten Markteintritts \u2013 Gr\u00fcndung eines Handelsgesch\u00e4fts oder einer Gesellschaft, Joint Venture, usw.<\/li>\n<li>Markteinstieg mittels Handelsvertreter oder Vertragsh\u00e4ndler<\/li>\n<li>Produktrelevante juristische Beratung: marken- und patentrechtliche Fragen, Importbestimmungen<\/li>\n<li>Kl\u00e4rung \u00f6ffentlich-rechtlicher Anforderungen \u2013 Gewerbeamt, Handwerkskammer, usw.<\/li>\n<\/ul>\n<p>Auch bei einem geplanten Markteinstieg in Portugal oder Brasilien verf\u00fcgt unsere Kanzlei nicht nur \u00fcber langj\u00e4hrige Erfahrung und Kontakte, sondern kann bei Bedarf auf die bestehende Kooperation mit vor Ort ans\u00e4ssigen Kollegen zur\u00fcckgreifen.<\/p>\n<\/div><div class=\"nav fusion-mobile-tab-nav\"><ul class=\"nav-tabs\" role=\"tablist\" aria-orientation=\"vertical\"><li  role=\"presentation\"><a class=\"tab-link\" data-toggle=\"tab\" role=\"tab\" aria-controls=\"tab-86904565c40fa5911d0\" aria-selected=\"false\" tabindex=\"-1\" id=\"mobile-fusion-tab-86904565c40fa5911d0\" href=\"#tab-86904565c40fa5911d0\"><h4 class=\"fusion-tab-heading\"><i class=\"fontawesome-icon fa-university fas\" aria-hidden=\"true\" style=\"font-size:13px;\"><\/i>Europ\u00e4isches &amp; internationales Privatrecht<\/h4><\/a><\/li><\/ul><\/div><div class=\"tab-pane fade fusion-clearfix\" role=\"tabpanel\" tabindex=\"0\" aria-labelledby=\"fusion-tab-86904565c40fa5911d0\" id=\"tab-86904565c40fa5911d0\">\n<p>Im Rahmen der au\u00dfergerichtlichen Beratung bei Sachverhalten mit sog. \u201eAuslandsber\u00fchrung\u201c muss stets vorab gepr\u00fcft werden, welches nationale Recht anzuwenden ist, und durch welche Bestimmungen des Internationalen Privatrechts dies geregelt wird. Diese \u00dcberpr\u00fcfung erfordert eine sehr gr\u00fcndliche Befassung mit dem Internationalen Privatrecht.<\/p>\n<p>Innerhalb der Europ\u00e4ischen Union ist bei solchen Kollisionsfragen in erster Linie auf bestehende EU-Verordnungen zur\u00fcckzugreifen. Im \u00dcbrigen k\u00f6nnen sowohl bilaterale als auch multilaterale Staatsvertr\u00e4ge einschl\u00e4gig sein. Letztlich ist auch das Internationale Privatrecht des jeweiligen Staates zur Bestimmung des anwendbaren, nationalen Rechts zu ber\u00fccksichtigen.<\/p>\n<p>Die vorherige Feststellung und Kenntnis des nationalen Rechts, welches bei fehlenden, diesbez\u00fcglichen Vereinbarungen anwendbar w\u00e4re, ist auch entscheidend f\u00fcr die rechtliche Beratung \u00fcber eine gebotene Rechtswahl (Wahl des anzuwendenden, nationalen Rechts) im Rahmen von Handelsvertr\u00e4gen, Ehevertr\u00e4gen, Testamenten, etc.<\/p>\n<p>Dasselbe gilt bez\u00fcglich der vertraglichen Vereinbarung eines bestimmten Gerichtsstandes im Fall von Konflikten aus einem bestimmten Vertragsverh\u00e4ltnis. Auch sind Kenntnisse des Internationalen Privatrechts unabdingbar im Rahmen von Gerichtsverfahren in einem internationalen Kontext.<\/p>\n<\/div><div class=\"nav fusion-mobile-tab-nav\"><ul class=\"nav-tabs\" role=\"tablist\" aria-orientation=\"vertical\"><li  role=\"presentation\"><a class=\"tab-link\" data-toggle=\"tab\" role=\"tab\" aria-controls=\"tab-bdcb415e49130773859\" aria-selected=\"false\" tabindex=\"-1\" id=\"mobile-fusion-tab-bdcb415e49130773859\" href=\"#tab-bdcb415e49130773859\"><h4 class=\"fusion-tab-heading\"><i class=\"fontawesome-icon fa-chart-bar far\" aria-hidden=\"true\" style=\"font-size:13px;\"><\/i>Wirtschaftsrecht<\/h4><\/a><\/li><\/ul><\/div><div class=\"tab-pane fade fusion-clearfix\" role=\"tabpanel\" tabindex=\"0\" aria-labelledby=\"fusion-tab-bdcb415e49130773859\" id=\"tab-bdcb415e49130773859\">\n<p>Bei der Gr\u00fcndung einer neuen, international ausgerichteten Handelsgesellschaft sind auch firmen- und produktbezogene, weitere Aspekte des Wirtschaftsrechts zu ber\u00fccksichtigen. Bei der Pr\u00fcfung der Zul\u00e4ssigkeit der beabsichtigten Firma sind zun\u00e4chst eine m\u00f6gliche Verwechslungsgefahr sowie bestehende Schutzrechte zu beachten.<\/p>\n<p>Zur Beratung und Vertretung international t\u00e4tiger Unternehmen geh\u00f6rt auch die Kl\u00e4rung eines eventuell gebotenen Patent\u2014oder Markenschutzes, bzw. soweit schon national vorhanden, deren internationale Erweiterung: f\u00fcr den EU-Binnenmarkt, als EU-Patent beim Europ\u00e4ischen Patentamt oder als EU-Marke beim OAMI (\u201eOffice for Harmonization in the Internal Market, Trade Marks and Designs\u201c). Bei einer beabsichtigten T\u00e4tigkeit in Drittl\u00e4ndern kann es empfehlenswert sein, einen weltweiten Schutz, so bei der \u201eWorld Intelectual Property Organization\u201c zu erlangen.<\/p>\n<p>Auch Fragen des (unlauteren) Wettbewerbsrechts und deren Abwehr geh\u00f6ren zur T\u00e4tigkeit unserer Kanzlei.<\/p>\n<\/div><div class=\"nav fusion-mobile-tab-nav\"><ul class=\"nav-tabs\" role=\"tablist\" aria-orientation=\"vertical\"><li  role=\"presentation\"><a class=\"tab-link\" data-toggle=\"tab\" role=\"tab\" aria-controls=\"tab-10b65a0971299f4bff5\" aria-selected=\"false\" tabindex=\"-1\" id=\"mobile-fusion-tab-10b65a0971299f4bff5\" href=\"#tab-10b65a0971299f4bff5\"><h4 class=\"fusion-tab-heading\"><i class=\"fontawesome-icon fa-users fas\" aria-hidden=\"true\" style=\"font-size:13px;\"><\/i>Familien- &amp; Erbrecht<\/h4><\/a><\/li><\/ul><\/div><div class=\"tab-pane fade fusion-clearfix\" role=\"tabpanel\" tabindex=\"0\" aria-labelledby=\"fusion-tab-10b65a0971299f4bff5\" id=\"tab-10b65a0971299f4bff5\">\n<p>Die zunehmende Mobilit\u00e4t f\u00fchrt auch zu einer starken Internationalisierung famili\u00e4rer Rechtsverh\u00e4ltnisse. Die T\u00e4tigkeit unserer Kanzlei umfasst daher, unter anderen, folgende Bereiche des Familien- und Erbrechts:<\/p>\n<ul>\n<li>Beratung und Ausarbeitung von Ehevertr\u00e4gen bei internationalen Ehen<\/li>\n<li>Scheidungs- und Scheidungsfolgesachen<\/li>\n<li>Kindes- und Ehegattenunterhalt<\/li>\n<li>Kindschaftssachen<\/li>\n<li>Beratung und Ausarbeitung von Sorgerechtsverf\u00fcgungen<\/li>\n<li>Beratung bei der Testamentserrichtung im internationalen Kontext<\/li>\n<li>Erbauseinandersetzungsverfahren \u2013 Fragen des anwendbaren Rechts, Erbmasse im Ausland<\/li>\n<\/ul>\n<\/div><div class=\"nav fusion-mobile-tab-nav\"><ul class=\"nav-tabs\" role=\"tablist\" aria-orientation=\"vertical\"><li  role=\"presentation\"><a class=\"tab-link\" data-toggle=\"tab\" role=\"tab\" aria-controls=\"tab-c87a94181a446f2d81e\" aria-selected=\"false\" tabindex=\"-1\" id=\"mobile-fusion-tab-c87a94181a446f2d81e\" href=\"#tab-c87a94181a446f2d81e\"><h4 class=\"fusion-tab-heading\"><i class=\"fontawesome-icon fa-cubes fas\" aria-hidden=\"true\" style=\"font-size:13px;\"><\/i>Immobilienrecht<\/h4><\/a><\/li><\/ul><\/div><div class=\"tab-pane fade fusion-clearfix\" role=\"tabpanel\" tabindex=\"0\" aria-labelledby=\"fusion-tab-c87a94181a446f2d81e\" id=\"tab-c87a94181a446f2d81e\">\n<p>Auch das Immobilienrecht spielt, insbesondere im Rahmen internationaler Sachverhalte aufgrund der grundlegenden Unterscheide zum deutschen Immobilienrecht, eine zentrale Rolle in unserer Kanzleit\u00e4tigkeit. Diese umfasst, z. B.:<\/p>\n<ul>\n<li>Beratung bei dem geplanten Erwerb einer Immobilie in Portugal und Brasilien einschlie\u00dflich R\u00fcckgriff auf Kooperationskollegen vor Ort<\/li>\n<li>Grundbuch, Finanzamt, u.a.<\/li>\n<li>Beratung und Vertretung in Familiensachen: G\u00fcterrechtsfragen bei Immobilien im Ausland und im Rahmen von Scheidungs- und Scheidungsfolgesachen<\/li>\n<li>Internationale Erb- oder sonstige Verm\u00f6gensauseinandersetzungen mit Immobilien im In- und im Ausland<\/li>\n<li>Immobilien im Rahmen von Handelsgesch\u00e4ften und\/oder Gesellschaften<\/li>\n<\/ul>\n<\/div><div class=\"nav fusion-mobile-tab-nav\"><ul class=\"nav-tabs\" role=\"tablist\" aria-orientation=\"vertical\"><li  role=\"presentation\"><a class=\"tab-link\" data-toggle=\"tab\" role=\"tab\" aria-controls=\"tab-ccb01fe43d8c16e0fff\" aria-selected=\"false\" tabindex=\"-1\" id=\"mobile-fusion-tab-ccb01fe43d8c16e0fff\" href=\"#tab-ccb01fe43d8c16e0fff\"><h4 class=\"fusion-tab-heading\"><i class=\"fontawesome-icon fa-shopping-cart fas\" aria-hidden=\"true\" style=\"font-size:13px;\"><\/i>Lebensmittelrecht<\/h4><\/a><\/li><\/ul><\/div><div class=\"tab-pane fade fusion-clearfix\" role=\"tabpanel\" tabindex=\"0\" aria-labelledby=\"fusion-tab-ccb01fe43d8c16e0fff\" id=\"tab-ccb01fe43d8c16e0fff\">\n<p>Mit der EG-Verordnung Nr. 178\/2002 wurden die allgemeinen Grunds\u00e4tze und Anforderungen des Lebensmittelrechts innerhalb der EU festgelegt, die Europ\u00e4ische Beh\u00f6rde f\u00fcr Lebensmittelsicherheit errichtet und Verfahren zur Lebensmittelsicherheit bestimmt. Sie gilt unmittelbar f\u00fcr alle Mitgliedstaaten der EU und f\u00fcr alle Produktions- Verarbeitungs- und Vertriebsstufen von Lebensmitteln und Futtermitteln.<\/p>\n<p>Das deutsche Lebensmittelrecht wurde entsprechend harmonisiert: gem\u00e4\u00df \u00a7 1 des seit 2005 geltenden Lebensmittel-, Bedarfsgegenst\u00e4nde- und Futtermittelgesetzbuch (Lebensmittel- und Futtermittelgesetzbuch &#8211; LFGB) dient dieses Gesetz auch der Umsetzung und Durchf\u00fchrung von Rechtsakten der Europ\u00e4ischen Gemeinschaft oder der Europ\u00e4ischen Union, die Sachbereiche dieses Gesetzes betreffen, wie durch erg\u00e4nzende Regelungen zur Verordnung (EG) Nr. 178\/2002. Sie gilt au\u00dfer f\u00fcr Lebensmittel und Bedarfsgegenst\u00e4nde auch f\u00fcr Futtermittel und Kosmetika.<\/p>\n<p>Im Portugal wurde mit dem Gesetzes-Dekret Nr. 237\/2005 die ASAE, eine Institution zur Lebensmittelsicherheit ( \u201eAutoridade de Seguran\u00e7a Alimentar e Econ\u00f3mica\u201c) gegr\u00fcndet. Genauso wie in Deutschland werden auch in Portugal die Durchf\u00fchrung der zahlreichen EU-Verordnungen sowie die Umsetzung der EU-Richtlinien durch nationale gesetzliche Regelungen sichergestellt.<\/p>\n<p>In Brasilien, ein Drittland im Sinne der EU, ist das Lebensmittelrecht sowohl in der Verfassung als auch auf Bundes- , L\u00e4nder- und kommunaler Ebene geregelt.<\/p>\n<p>Die Lebensmittelkontrolle sowie die Zulassung und Registrierung unterliegen in Brasilien vor allem der Kompetenz des Gesundheitsministeriums und hier der Institution \u201eANVISA\u201c, der Nationalen Agentur zur \u00dcberwachung der Gesundheit (\u201cAg\u00eancia Nacional de Vigil\u00e2ncia Sanit\u00e1ria\u201d) sowie des Agrarministeriums (\u201eMAPA\u201c). Grunds\u00e4tzlich ist das Agrarministerium f\u00fcr die Prim\u00e4rerzeugung zust\u00e4ndig, die ANVISA f\u00fcr die Kontrolle der Endprodukte und des Handels.<\/p>\n<\/div><\/div><\/div><div class=\"fusion-clearfix\"><\/div><\/div><\/div><\/div><\/div><div class=\"fusion-fullwidth fullwidth-box fusion-builder-row-3 nonhundred-percent-fullwidth non-hundred-percent-height-scrolling\" style=\"--awb-border-radius-top-left:0px;--awb-border-radius-top-right:0px;--awb-border-radius-bottom-right:0px;--awb-border-radius-bottom-left:0px;--awb-margin-top:-60px;--awb-margin-bottom:0px;--awb-background-color:#4e88aa;--awb-flex-wrap:wrap;\" ><div class=\"fusion-builder-row fusion-row\"><div class=\"fusion-layout-column fusion_builder_column fusion-builder-column-2 fusion_builder_column_1_1 1_1 fusion-one-full fusion-column-first fusion-column-last\" style=\"--awb-padding-top:40px;--awb-bg-color:#4e88aa;--awb-bg-color-hover:#4e88aa;--awb-bg-size:cover;--awb-margin-bottom:0px;\"><div class=\"fusion-column-wrapper fusion-flex-column-wrapper-legacy\"><div class=\"fusion-reading-box-container reading-box-container-1\" style=\"--awb-title-color:#4d88aa;--awb-margin-top:-40px;--awb-margin-bottom:0px;\"><div class=\"reading-box reading-box-center\" style=\"background-color:#4e88aa;border-width:0px;border-color:#f6f6f6;border-style:solid;\"><a class=\"button fusion-button button-default fusion-button-default-size button-default-size button-flat fusion-mobile-button continue-center\" style=\"-webkit-box-shadow:none;-moz-box-shadow:none;box-shadow:none;border-radius:2px 2px 2px 2px\" href=\"https:\/\/veiga-law.com\/2017\/kontakt\/\" target=\"_self\"><span>Kontakt<\/span><\/a><\/div><\/div><div class=\"fusion-clearfix\"><\/div><\/div><\/div><\/div><\/div><\/p>\n","protected":false},"excerpt":{"rendered":"","protected":false},"author":1,"featured_media":0,"parent":0,"menu_order":0,"comment_status":"closed","ping_status":"closed","template":"100-width.php","meta":{"footnotes":""},"class_list":["post-20","page","type-page","status-publish","hentry"],"yoast_head":"<!-- This site is optimized with the Yoast SEO plugin v27.4 - https:\/\/yoast.com\/product\/yoast-seo-wordpress\/ -->\n<title>Rechtsgebiete - VEIGA Rechtsanwaltskanzlei - RA Maria Veiga Frankfurt<\/title>\n<meta name=\"robots\" content=\"index, follow, max-snippet:-1, max-image-preview:large, max-video-preview:-1\" \/>\n<link rel=\"canonical\" href=\"https:\/\/veiga-law.com\/2017\/rechtsgebiete\/\" \/>\n<meta property=\"og:locale\" content=\"de_DE\" \/>\n<meta property=\"og:type\" content=\"article\" \/>\n<meta property=\"og:title\" content=\"Rechtsgebiete - VEIGA Rechtsanwaltskanzlei - RA Maria Veiga Frankfurt\" \/>\n<meta property=\"og:url\" content=\"https:\/\/veiga-law.com\/2017\/rechtsgebiete\/\" \/>\n<meta property=\"og:site_name\" content=\"VEIGA Rechtsanwaltskanzlei - RA Maria Veiga Frankfurt\" \/>\n<meta property=\"article:modified_time\" content=\"2024-11-18T14:53:32+00:00\" \/>\n<meta name=\"twitter:card\" content=\"summary_large_image\" \/>\n<meta name=\"twitter:label1\" content=\"Gesch\u00e4tzte Lesezeit\" \/>\n\t<meta name=\"twitter:data1\" content=\"7\u00a0Minuten\" \/>\n<script type=\"application\/ld+json\" class=\"yoast-schema-graph\">{\"@context\":\"https:\\\/\\\/schema.org\",\"@graph\":[{\"@type\":\"WebPage\",\"@id\":\"https:\\\/\\\/veiga-law.com\\\/2017\\\/rechtsgebiete\\\/\",\"url\":\"https:\\\/\\\/veiga-law.com\\\/2017\\\/rechtsgebiete\\\/\",\"name\":\"Rechtsgebiete - VEIGA Rechtsanwaltskanzlei - RA Maria Veiga Frankfurt\",\"isPartOf\":{\"@id\":\"https:\\\/\\\/veiga-law.com\\\/2017\\\/#website\"},\"datePublished\":\"2017-11-15T16:54:15+00:00\",\"dateModified\":\"2024-11-18T14:53:32+00:00\",\"breadcrumb\":{\"@id\":\"https:\\\/\\\/veiga-law.com\\\/2017\\\/rechtsgebiete\\\/#breadcrumb\"},\"inLanguage\":\"de\",\"potentialAction\":[{\"@type\":\"ReadAction\",\"target\":[\"https:\\\/\\\/veiga-law.com\\\/2017\\\/rechtsgebiete\\\/\"]}]},{\"@type\":\"BreadcrumbList\",\"@id\":\"https:\\\/\\\/veiga-law.com\\\/2017\\\/rechtsgebiete\\\/#breadcrumb\",\"itemListElement\":[{\"@type\":\"ListItem\",\"position\":1,\"name\":\"Startseite\",\"item\":\"https:\\\/\\\/veiga-law.com\\\/2017\\\/\"},{\"@type\":\"ListItem\",\"position\":2,\"name\":\"Rechtsgebiete\"}]},{\"@type\":\"WebSite\",\"@id\":\"https:\\\/\\\/veiga-law.com\\\/2017\\\/#website\",\"url\":\"https:\\\/\\\/veiga-law.com\\\/2017\\\/\",\"name\":\"VEIGA Rechtsanwaltskanzlei - RA Maria Veiga Frankfurt\",\"description\":\"\",\"potentialAction\":[{\"@type\":\"SearchAction\",\"target\":{\"@type\":\"EntryPoint\",\"urlTemplate\":\"https:\\\/\\\/veiga-law.com\\\/2017\\\/?s={search_term_string}\"},\"query-input\":{\"@type\":\"PropertyValueSpecification\",\"valueRequired\":true,\"valueName\":\"search_term_string\"}}],\"inLanguage\":\"de\"}]}<\/script>\n<!-- \/ Yoast SEO plugin. -->","yoast_head_json":{"title":"Rechtsgebiete - VEIGA Rechtsanwaltskanzlei - RA Maria Veiga Frankfurt","robots":{"index":"index","follow":"follow","max-snippet":"max-snippet:-1","max-image-preview":"max-image-preview:large","max-video-preview":"max-video-preview:-1"},"canonical":"https:\/\/veiga-law.com\/2017\/rechtsgebiete\/","og_locale":"de_DE","og_type":"article","og_title":"Rechtsgebiete - VEIGA Rechtsanwaltskanzlei - RA Maria Veiga Frankfurt","og_url":"https:\/\/veiga-law.com\/2017\/rechtsgebiete\/","og_site_name":"VEIGA Rechtsanwaltskanzlei - RA Maria Veiga Frankfurt","article_modified_time":"2024-11-18T14:53:32+00:00","twitter_card":"summary_large_image","twitter_misc":{"Gesch\u00e4tzte Lesezeit":"7\u00a0Minuten"},"schema":{"@context":"https:\/\/schema.org","@graph":[{"@type":"WebPage","@id":"https:\/\/veiga-law.com\/2017\/rechtsgebiete\/","url":"https:\/\/veiga-law.com\/2017\/rechtsgebiete\/","name":"Rechtsgebiete - VEIGA Rechtsanwaltskanzlei - RA Maria Veiga Frankfurt","isPartOf":{"@id":"https:\/\/veiga-law.com\/2017\/#website"},"datePublished":"2017-11-15T16:54:15+00:00","dateModified":"2024-11-18T14:53:32+00:00","breadcrumb":{"@id":"https:\/\/veiga-law.com\/2017\/rechtsgebiete\/#breadcrumb"},"inLanguage":"de","potentialAction":[{"@type":"ReadAction","target":["https:\/\/veiga-law.com\/2017\/rechtsgebiete\/"]}]},{"@type":"BreadcrumbList","@id":"https:\/\/veiga-law.com\/2017\/rechtsgebiete\/#breadcrumb","itemListElement":[{"@type":"ListItem","position":1,"name":"Startseite","item":"https:\/\/veiga-law.com\/2017\/"},{"@type":"ListItem","position":2,"name":"Rechtsgebiete"}]},{"@type":"WebSite","@id":"https:\/\/veiga-law.com\/2017\/#website","url":"https:\/\/veiga-law.com\/2017\/","name":"VEIGA Rechtsanwaltskanzlei - RA Maria Veiga Frankfurt","description":"","potentialAction":[{"@type":"SearchAction","target":{"@type":"EntryPoint","urlTemplate":"https:\/\/veiga-law.com\/2017\/?s={search_term_string}"},"query-input":{"@type":"PropertyValueSpecification","valueRequired":true,"valueName":"search_term_string"}}],"inLanguage":"de"}]}},"_links":{"self":[{"href":"https:\/\/veiga-law.com\/2017\/wp-json\/wp\/v2\/pages\/20","targetHints":{"allow":["GET"]}}],"collection":[{"href":"https:\/\/veiga-law.com\/2017\/wp-json\/wp\/v2\/pages"}],"about":[{"href":"https:\/\/veiga-law.com\/2017\/wp-json\/wp\/v2\/types\/page"}],"author":[{"embeddable":true,"href":"https:\/\/veiga-law.com\/2017\/wp-json\/wp\/v2\/users\/1"}],"replies":[{"embeddable":true,"href":"https:\/\/veiga-law.com\/2017\/wp-json\/wp\/v2\/comments?post=20"}],"version-history":[{"count":10,"href":"https:\/\/veiga-law.com\/2017\/wp-json\/wp\/v2\/pages\/20\/revisions"}],"predecessor-version":[{"id":532,"href":"https:\/\/veiga-law.com\/2017\/wp-json\/wp\/v2\/pages\/20\/revisions\/532"}],"wp:attachment":[{"href":"https:\/\/veiga-law.com\/2017\/wp-json\/wp\/v2\/media?parent=20"}],"curies":[{"name":"wp","href":"https:\/\/api.w.org\/{rel}","templated":true}]}}