{"id":23,"date":"2017-11-15T17:54:42","date_gmt":"2017-11-15T16:54:42","guid":{"rendered":"http:\/\/veiga-law.com\/2017\/?page_id=23"},"modified":"2024-11-18T15:53:53","modified_gmt":"2024-11-18T14:53:53","slug":"veroeffentlichungen","status":"publish","type":"page","link":"https:\/\/veiga-law.com\/2017\/veroeffentlichungen\/","title":{"rendered":"Ver\u00f6ffentlichungen"},"content":{"rendered":"<p><div class=\"fusion-fullwidth fullwidth-box fusion-builder-row-1 nonhundred-percent-fullwidth non-hundred-percent-height-scrolling\" style=\"--awb-border-radius-top-left:0px;--awb-border-radius-top-right:0px;--awb-border-radius-bottom-right:0px;--awb-border-radius-bottom-left:0px;--awb-margin-top:-70px;--awb-margin-bottom:0px;--awb-background-color:#4e88aa;--awb-flex-wrap:wrap;\" ><div class=\"fusion-builder-row fusion-row\"><div class=\"fusion-layout-column fusion_builder_column fusion-builder-column-0 fusion_builder_column_1_1 1_1 fusion-one-full fusion-column-first fusion-column-last\" style=\"--awb-padding-top:40px;--awb-bg-color:#4e88aa;--awb-bg-color-hover:#4e88aa;--awb-bg-size:cover;--awb-margin-bottom:0px;\"><div class=\"fusion-column-wrapper fusion-flex-column-wrapper-legacy\"><div class=\"fusion-content-boxes content-boxes columns row fusion-columns-4 fusion-columns-total-4 fusion-content-boxes-1 content-boxes-icon-with-title content-left information\" style=\"--awb-backgroundcolor:rgba(160,160,160,0);--awb-body-color:#ffffff;--awb-title-color:#ffffff;--awb-margin-top:0px;--awb-margin-bottom:0px;--awb-hover-accent-color:#a0ce4e;--awb-circle-hover-accent-color:#a0ce4e;\" data-animationOffset=\"top-into-view\"><div style=\"--awb-backgroundcolor:rgba(160,160,160,0);\" class=\"fusion-column content-box-column content-box-column content-box-column-1 col-lg-3 col-md-3 col-sm-3 fusion-content-box-hover content-box-column-first-in-row\"><div class=\"col content-box-wrapper content-wrapper link-area-link-icon icon-hover-animation-fade\" data-animationOffset=\"top-into-view\"><div class=\"fusion-clearfix\"><\/div><div class=\"content-container\">\n<p><strong>Maria Veiga<\/strong><br \/>\nRechtsanw\u00e4ltin<br \/>\nFachanw\u00e4ltin f\u00fcr Arbeitsrecht<\/p>\n<\/div><\/div><\/div><div style=\"--awb-backgroundcolor:rgba(160,160,160,0);\" class=\"fusion-column content-box-column content-box-column content-box-column-2 col-lg-3 col-md-3 col-sm-3 fusion-content-box-hover \"><div class=\"col content-box-wrapper content-wrapper link-area-link-icon icon-hover-animation-fade\" data-animationOffset=\"top-into-view\"><div class=\"fusion-clearfix\"><\/div><div class=\"content-container\">\n<p><strong>Weitere Schwerpunkte<\/strong><br \/>\nHandels- und Gesellschaftsrecht<br \/>\nInternationales Privatrecht<br \/>\nFamilien- und Erbrecht<\/p>\n<\/div><\/div><\/div><div style=\"--awb-backgroundcolor:rgba(160,160,160,0);\" class=\"fusion-column content-box-column content-box-column content-box-column-3 col-lg-3 col-md-3 col-sm-3 fusion-content-box-hover \"><div class=\"col content-box-wrapper content-wrapper link-area-link-icon icon-hover-animation-fade\" data-animationOffset=\"top-into-view\"><div class=\"fusion-clearfix\"><\/div><div class=\"content-container\">\n<p>Wildunger Str. 1a<br \/>\nD-60487 Frankfurt am Main<\/p>\n<\/div><\/div><\/div><div style=\"--awb-backgroundcolor:rgba(150,150,150,0);\" class=\"fusion-column content-box-column content-box-column content-box-column-4 col-lg-3 col-md-3 col-sm-3 fusion-content-box-hover content-box-column-last content-box-column-last-in-row\"><div class=\"col content-box-wrapper content-wrapper link-area-link-icon icon-hover-animation-fade\" data-animationOffset=\"top-into-view\"><div class=\"fusion-clearfix\"><\/div><div class=\"content-container\">\n<p>Telefon\u00a0+49 (0) 69 970 86 280<br \/>\nFax\u00a0+49 (0) 69 970 86 281<br \/>\n<a href=\"mailto:mail@veiga-law.com\">mail@veiga-law.com<\/a><br \/>\n<a href=\"https:\/\/veiga-law.com\/\">www.veiga-law.com<\/a><\/p>\n<\/div><\/div><\/div><div class=\"fusion-clearfix\"><\/div><\/div><div class=\"fusion-clearfix\"><\/div><\/div><\/div><\/div><div class=\"fusion-builder-row fusion-row\"><\/div><\/div><div class=\"fusion-fullwidth fullwidth-box fusion-builder-row-2 nonhundred-percent-fullwidth non-hundred-percent-height-scrolling startseite-rechtsgebiete\" style=\"--awb-border-radius-top-left:0px;--awb-border-radius-top-right:0px;--awb-border-radius-bottom-right:0px;--awb-border-radius-bottom-left:0px;--awb-margin-top:40px;--awb-margin-bottom:40px;--awb-flex-wrap:wrap;\" ><div class=\"fusion-builder-row fusion-row\"><div class=\"fusion-layout-column fusion_builder_column fusion-builder-column-1 fusion_builder_column_1_1 1_1 fusion-one-full fusion-column-first fusion-column-last\" style=\"--awb-bg-size:cover;--awb-margin-bottom:40px;\"><div class=\"fusion-column-wrapper fusion-flex-column-wrapper-legacy\"><div class=\"fusion-title title fusion-title-1 sep-underline sep-solid fusion-title-text fusion-title-size-two\" style=\"--awb-margin-top-small:0px;--awb-margin-right-small:0px;--awb-margin-bottom-small:20px;--awb-margin-left-small:0px;\"><h2 class=\"fusion-title-heading title-heading-left\" style=\"margin:0;\">VER\u00d6FFENTLICHUNGEN UND VORTR\u00c4GE<\/h2><\/div><div class=\"fusion-text fusion-text-1\" style=\"--awb-text-transform:none;\"><p><strong>Juristisches W\u00f6rterbuch<\/strong><\/p>\n<ul>\n<li>Mitautorin der 2. Auflage des W\u00f6rterbuchs Recht und Wirtschaft von Jayme\/Neuss, begr\u00fcndet von em. Prof. Dr. Dr. h.c. mult. Erik Jayme und Dr. jur. Jobst-Joachim Neuss, Band 2, Deutsch-Portugiesisch, zusammen mit RA Dr. Thomas Richter, C.H. Beck Verlag, M\u00fcnchen 2013<\/li>\n<\/ul>\n<p><strong>2020-2021<\/strong><\/p>\n<ul>\n<li>Artikel in dem Newsletter &#8222;Recht &amp; Steuern&#8220; der Deutsch-Portugiesischen Industrie- und Handelskammer zu diversen Themen des deutschen Arbeits- und Gesellschaftsrechts<\/li>\n<\/ul>\n<p><strong>2018<\/strong><\/p>\n<ul>\n<li>\u201ePatientenverf\u00fcgung und Vorsorgevollmacht in Portugal\u201c (\u201eAs Diretivas Antecipadas de Vontade no Direito Portugu\u00eas\u201d), Vortrag beim Workshop \u201ePatientenverf\u00fcgung und Vorsorgevollmacht in Brasilien und Portugal\u201c des Fachverbands Atikom<\/li>\n<\/ul>\n<p><strong>2017<\/strong><\/p>\n<ul>\n<li>\u201eLebensmittelrecht in Brasilien\u201c, Gastvortrag an der Hochschule f\u00fcr Angewandte Wissenschaften Hamburg, Fakult\u00e4t Life Sciences<\/li>\n<\/ul>\n<p><strong>2016<\/strong><\/p>\n<ul>\n<li>\u201eErbrecht in Portugal\u201c (\u201eDireito das Sucess\u00f5es em Portugal\u201c), Vortrag beim Workshop \u201eErbrecht in Brasilien und Portugal\u201c, des Fachverbands Atikom<\/li>\n<\/ul>\n<p><strong>2015<\/strong><\/p>\n<ul>\n<li>\u201eRechtsmittel im Deutschen und im Portugiesischen Zivil- und Strafrecht\u201c (\u201eRecursos no Direito Civil e Penal em Portugal e na Alemanha\u201d) Vortrag beim Workshop des Fachverbands Atikom.<\/li>\n<\/ul>\n<p><strong>2014<\/strong><\/p>\n<ul>\n<li>&#8222;Arbeitsrecht in Portugal&#8220;, Vortrag beim Workshop des Fachverbands &#8222;Aticom&#8220;<\/li>\n<\/ul>\n<p><strong>2013<\/strong><\/p>\n<ul>\n<li>&#8222;Der portugiesische Arbeitsmarkt und die Troika \u2013 wie effektiv sind die Strukturreformen?&#8220;, Vortrag beim Lions Club Darmstadt<\/li>\n<li>&#8222;Brasilianer auf dem deutschen Markt&#8220;, Artikel in der Brosch\u00fcre &#8222;Brasilien in Frankfurt und Rheinmain&#8220;<\/li>\n<\/ul>\n<p><strong>2009-2013<\/strong><\/p>\n<ul>\n<li>Vortr\u00e4ge zu Themen des portugiesischen Rechts und zur Terminologie &#8211; unter anderem \u00fcber das Gesellschaftsrecht, das Wirtschaftsrecht-Schwerpunkt Immobilienrecht und das neue Familienrecht &#8211; im Rahmen von Workshops des Fachverbands &#8222;Aticom&#8220; f\u00fcr Portugiesisch \u00dcbersetzer und Dolmetscher<\/li>\n<\/ul>\n<p><strong>2008<\/strong><\/p>\n<ul>\n<li>&#8222;Qualit\u00e4tsmanagement im Dienste des Kunden \u2013 Paradigmenwechsel im mittelst\u00e4ndigen Unternehmen \u2013 Wettbewerb und Qualit\u00e4tssicherung. Die aktuelle Marktentwicklung im Anwaltsberuf&#8220;, Reihe Tagungsberichte, Bd. 61, des Europ\u00e4ischen Informationszentrums der Th\u00fcringer Staatskanzlei<\/li>\n<\/ul>\n<p><strong>2007<\/strong><\/p>\n<ul>\n<li>&#8222;Lebensmittelrecht in Deutschland und Brasilien&#8220;, Publikation in den Schriften der Deutsch Brasilianischen Juristenvereinigung (DBJV), Nr. 36<\/li>\n<li>&#8222;Gesch\u00e4fte in Deutschland \u2013 Praktische Tips f\u00fcr brasilianische Unternehmen&#8220;,<br \/>\nVortrag bei Apex Brasil GmbH, Distributionscenter in Frankfurt<\/li>\n<li>&#8222;Rahmenbedingungen f\u00fcr GmbH Gr\u00fcnder sollen verbessert werden&#8220;, Artikel in der Zeitschrift IMPAKT, der Deutsch-Portugiesischen Industrie- und Handelskammer zum Thema der GmbH Reform, Ausgabe 01.\/02 2007, Seite 37 ff. (als Mitautorin)<\/li>\n<li>&#8222;Unternehmen Anwaltskanzlei: Unternehmensf\u00fchrung und Qualit\u00e4tssicherung&#8220;, Referat im Rahmen der Europ\u00e4ischen Unternehmerinnenkonferenz im Europ\u00e4ischen Informationszentrum der Th\u00fcringer Staatskanzlei<\/li>\n<\/ul>\n<p><strong>2006<\/strong><\/p>\n<ul>\n<li>&#8222;Investir na Alemanha&#8220;, Brosch\u00fcre in portugiesischer Sprache \u00fcber die rechtlichen Rahmenbedingungen f\u00fcr Investitionen in Deutschland, in der Brosch\u00fcrenreihe &#8222;Assim se faz&#8220;, 1. Auflage, in Zusammenarbeit mit der Deutsch-Brasilianischen Industrie- und Handelskammer in Frankfurt (als Mitautorin)<\/li>\n<\/ul>\n<p><strong>2005<\/strong><\/p>\n<ul>\n<li>&#8222;Mindestlohnverpflichtung des Subunternehmers nach dem AentG &#8211; Haftung des Bauunternehmers&#8220;, Neue Zeitschrift f\u00fcr Arbeitsrecht, NZA 2005, 208 f., nach einer Entscheidung des EuGH (C-60\/03 vom 12.10.04)<\/li>\n<li>Vortrag f\u00fcr brasilianische Aussteller bei der Biofach-Messe in N\u00fcrnberg \u00fcber das deutsche und das europ\u00e4ische Lebensmittelrecht, in Zusammenarbeit mit der Deutsch-Brasilianischen AHK S\u00e3o Paulo<\/li>\n<li>&#8222;B\u00fcrgenhaftung des Bauunternehmers f\u00fcr die Mindestlohnverpflichtung des Subunternehmers gegen\u00fcber seinen nach Deutschland entsandten Arbeitnehmern&#8220;, Artikel in der Zeitschrift der Deutsch-Portugiesischen Industrie- und Handelskammer IMPAKT, Ausgabe Nr. 03 und 04, 2005, S. 12 f<\/li>\n<\/ul>\n<p><strong>2004<\/strong><\/p>\n<ul>\n<li>&#8222;Die Immobilie in Portugal&#8220;, in der Zeitschrift Privates Eigentum, 2\/2004 (als Mitautorin)<\/li>\n<\/ul>\n<p><strong>1999<\/strong><\/p>\n<ul>\n<li>&#8222;Die deutschen Allgemeinen Gesch\u00e4ftsbedingungen in den deutsch-portugiesischen Gesch\u00e4ftsbeziehungen&#8220;, Vortragsseminare bei der Deutsch-Portugiesischen Industrie- und Handelskammer in Lissabon und Porto\/Portugal<\/li>\n<li>Vortrag im Rahmen eines Fortbildungsseminars f\u00fcr portugiesische Konsulatsangeh\u00f6rige \u00fcber die Rechte portugiesischer Arbeitnehmer im Fall der Entsendung nach Deutschland<\/li>\n<li>&#8222;Grundz\u00fcge des portugiesischen Familienrechts&#8220;, Vortrag im Rahmen der EuroLawyers EWIV-Versammlung in Frankfurt<\/li>\n<\/ul>\n<p><strong>1998<\/strong><\/p>\n<ul>\n<li>&#8222;Unternehmensgeist kennt keine Grenzen: Deutsche und ausl\u00e4ndische Unternehmer im Gespr\u00e4ch&#8220;, Podiumsdiskussion im Rahmen einer Veranstaltung des Verbands Portugiesischer Unternehmer in Deutschland (VPU), in Zusammenarbeit mit der Transferstelle Bonn<\/li>\n<\/ul>\n<p><strong>1997<\/strong><\/p>\n<ul>\n<li>&#8222;M\u00f6glichkeiten der F\u00f6rderung der Wirtschaftsbeziehungen zwischen Deutschland und Portugal im Zuge der Internationalisierung der Wirtschaft&#8220;, Vortrag \u00fcber juristische Rahmenbedingungen f\u00fcr portugiesische Unternehmer in Deutschland (als Co-Referentin)<\/li>\n<\/ul>\n<p><strong>1996<\/strong><\/p>\n<ul>\n<li>Informationsveranstaltung der Uni K\u00f6ln f\u00fcr portugiesische Studierende in Deutschland \u00fcber die rechtlichen Rahmenbedingungen zur Selbst\u00e4ndigkeit in Deutschland<\/li>\n<\/ul>\n<p><strong>1994<\/strong><\/p>\n<ul>\n<li>Wahlstation bei der Rechtsabteilung der Deutsch-Portugiesischen Industrie- und Handelskammer in Lissabon; Neubearbeitung der Brosch\u00fcren \u00fcber das portugiesische Arbeits- und Immobilienrecht<\/li>\n<\/ul>\n<\/div><div class=\"fusion-clearfix\"><\/div><\/div><\/div><\/div><\/div><div class=\"fusion-fullwidth fullwidth-box fusion-builder-row-3 nonhundred-percent-fullwidth non-hundred-percent-height-scrolling\" style=\"--awb-border-radius-top-left:0px;--awb-border-radius-top-right:0px;--awb-border-radius-bottom-right:0px;--awb-border-radius-bottom-left:0px;--awb-margin-top:-60px;--awb-margin-bottom:0px;--awb-background-color:#4e88aa;--awb-flex-wrap:wrap;\" ><div class=\"fusion-builder-row fusion-row\"><div class=\"fusion-layout-column fusion_builder_column fusion-builder-column-2 fusion_builder_column_1_1 1_1 fusion-one-full fusion-column-first fusion-column-last\" style=\"--awb-padding-top:40px;--awb-bg-color:#4e88aa;--awb-bg-color-hover:#4e88aa;--awb-bg-size:cover;--awb-margin-bottom:0px;\"><div class=\"fusion-column-wrapper fusion-flex-column-wrapper-legacy\"><div class=\"fusion-reading-box-container reading-box-container-1\" style=\"--awb-title-color:#4d88aa;--awb-margin-top:-40px;--awb-margin-bottom:0px;\"><div class=\"reading-box reading-box-center\" style=\"background-color:#4e88aa;border-width:0px;border-color:#f6f6f6;border-style:solid;\"><a class=\"button fusion-button button-default fusion-button-default-size button-default-size button-flat fusion-mobile-button continue-center\" style=\"-webkit-box-shadow:none;-moz-box-shadow:none;box-shadow:none;border-radius:2px 2px 2px 2px\" href=\"https:\/\/veiga-law.com\/2017\/kontakt\/\" target=\"_self\"><span>Kontakt<\/span><\/a><\/div><\/div><div class=\"fusion-clearfix\"><\/div><\/div><\/div><\/div><\/div><\/p>\n","protected":false},"excerpt":{"rendered":"","protected":false},"author":1,"featured_media":0,"parent":0,"menu_order":0,"comment_status":"closed","ping_status":"closed","template":"100-width.php","meta":{"footnotes":""},"class_list":["post-23","page","type-page","status-publish","hentry"],"yoast_head":"<!-- This site is optimized with the Yoast SEO plugin v27.4 - https:\/\/yoast.com\/product\/yoast-seo-wordpress\/ -->\n<title>Ver\u00f6ffentlichungen - VEIGA Rechtsanwaltskanzlei - RA Maria Veiga Frankfurt<\/title>\n<meta name=\"robots\" content=\"index, follow, max-snippet:-1, max-image-preview:large, max-video-preview:-1\" \/>\n<link rel=\"canonical\" href=\"https:\/\/veiga-law.com\/2017\/veroeffentlichungen\/\" \/>\n<meta property=\"og:locale\" content=\"de_DE\" \/>\n<meta property=\"og:type\" content=\"article\" \/>\n<meta property=\"og:title\" content=\"Ver\u00f6ffentlichungen - VEIGA Rechtsanwaltskanzlei - RA Maria Veiga Frankfurt\" \/>\n<meta property=\"og:url\" content=\"https:\/\/veiga-law.com\/2017\/veroeffentlichungen\/\" \/>\n<meta property=\"og:site_name\" content=\"VEIGA Rechtsanwaltskanzlei - RA Maria Veiga Frankfurt\" \/>\n<meta property=\"article:modified_time\" content=\"2024-11-18T14:53:53+00:00\" \/>\n<meta name=\"twitter:card\" content=\"summary_large_image\" \/>\n<meta name=\"twitter:label1\" content=\"Gesch\u00e4tzte Lesezeit\" \/>\n\t<meta name=\"twitter:data1\" content=\"4\u00a0Minuten\" \/>\n<script type=\"application\/ld+json\" class=\"yoast-schema-graph\">{\"@context\":\"https:\\\/\\\/schema.org\",\"@graph\":[{\"@type\":\"WebPage\",\"@id\":\"https:\\\/\\\/veiga-law.com\\\/2017\\\/veroeffentlichungen\\\/\",\"url\":\"https:\\\/\\\/veiga-law.com\\\/2017\\\/veroeffentlichungen\\\/\",\"name\":\"Ver\u00f6ffentlichungen - VEIGA Rechtsanwaltskanzlei - RA Maria Veiga Frankfurt\",\"isPartOf\":{\"@id\":\"https:\\\/\\\/veiga-law.com\\\/2017\\\/#website\"},\"datePublished\":\"2017-11-15T16:54:42+00:00\",\"dateModified\":\"2024-11-18T14:53:53+00:00\",\"breadcrumb\":{\"@id\":\"https:\\\/\\\/veiga-law.com\\\/2017\\\/veroeffentlichungen\\\/#breadcrumb\"},\"inLanguage\":\"de\",\"potentialAction\":[{\"@type\":\"ReadAction\",\"target\":[\"https:\\\/\\\/veiga-law.com\\\/2017\\\/veroeffentlichungen\\\/\"]}]},{\"@type\":\"BreadcrumbList\",\"@id\":\"https:\\\/\\\/veiga-law.com\\\/2017\\\/veroeffentlichungen\\\/#breadcrumb\",\"itemListElement\":[{\"@type\":\"ListItem\",\"position\":1,\"name\":\"Startseite\",\"item\":\"https:\\\/\\\/veiga-law.com\\\/2017\\\/\"},{\"@type\":\"ListItem\",\"position\":2,\"name\":\"Ver\u00f6ffentlichungen\"}]},{\"@type\":\"WebSite\",\"@id\":\"https:\\\/\\\/veiga-law.com\\\/2017\\\/#website\",\"url\":\"https:\\\/\\\/veiga-law.com\\\/2017\\\/\",\"name\":\"VEIGA Rechtsanwaltskanzlei - RA Maria Veiga Frankfurt\",\"description\":\"\",\"potentialAction\":[{\"@type\":\"SearchAction\",\"target\":{\"@type\":\"EntryPoint\",\"urlTemplate\":\"https:\\\/\\\/veiga-law.com\\\/2017\\\/?s={search_term_string}\"},\"query-input\":{\"@type\":\"PropertyValueSpecification\",\"valueRequired\":true,\"valueName\":\"search_term_string\"}}],\"inLanguage\":\"de\"}]}<\/script>\n<!-- \/ Yoast SEO plugin. -->","yoast_head_json":{"title":"Ver\u00f6ffentlichungen - VEIGA Rechtsanwaltskanzlei - RA Maria Veiga Frankfurt","robots":{"index":"index","follow":"follow","max-snippet":"max-snippet:-1","max-image-preview":"max-image-preview:large","max-video-preview":"max-video-preview:-1"},"canonical":"https:\/\/veiga-law.com\/2017\/veroeffentlichungen\/","og_locale":"de_DE","og_type":"article","og_title":"Ver\u00f6ffentlichungen - VEIGA Rechtsanwaltskanzlei - RA Maria Veiga Frankfurt","og_url":"https:\/\/veiga-law.com\/2017\/veroeffentlichungen\/","og_site_name":"VEIGA Rechtsanwaltskanzlei - RA Maria Veiga Frankfurt","article_modified_time":"2024-11-18T14:53:53+00:00","twitter_card":"summary_large_image","twitter_misc":{"Gesch\u00e4tzte Lesezeit":"4\u00a0Minuten"},"schema":{"@context":"https:\/\/schema.org","@graph":[{"@type":"WebPage","@id":"https:\/\/veiga-law.com\/2017\/veroeffentlichungen\/","url":"https:\/\/veiga-law.com\/2017\/veroeffentlichungen\/","name":"Ver\u00f6ffentlichungen - VEIGA Rechtsanwaltskanzlei - RA Maria Veiga Frankfurt","isPartOf":{"@id":"https:\/\/veiga-law.com\/2017\/#website"},"datePublished":"2017-11-15T16:54:42+00:00","dateModified":"2024-11-18T14:53:53+00:00","breadcrumb":{"@id":"https:\/\/veiga-law.com\/2017\/veroeffentlichungen\/#breadcrumb"},"inLanguage":"de","potentialAction":[{"@type":"ReadAction","target":["https:\/\/veiga-law.com\/2017\/veroeffentlichungen\/"]}]},{"@type":"BreadcrumbList","@id":"https:\/\/veiga-law.com\/2017\/veroeffentlichungen\/#breadcrumb","itemListElement":[{"@type":"ListItem","position":1,"name":"Startseite","item":"https:\/\/veiga-law.com\/2017\/"},{"@type":"ListItem","position":2,"name":"Ver\u00f6ffentlichungen"}]},{"@type":"WebSite","@id":"https:\/\/veiga-law.com\/2017\/#website","url":"https:\/\/veiga-law.com\/2017\/","name":"VEIGA Rechtsanwaltskanzlei - RA Maria Veiga Frankfurt","description":"","potentialAction":[{"@type":"SearchAction","target":{"@type":"EntryPoint","urlTemplate":"https:\/\/veiga-law.com\/2017\/?s={search_term_string}"},"query-input":{"@type":"PropertyValueSpecification","valueRequired":true,"valueName":"search_term_string"}}],"inLanguage":"de"}]}},"_links":{"self":[{"href":"https:\/\/veiga-law.com\/2017\/wp-json\/wp\/v2\/pages\/23","targetHints":{"allow":["GET"]}}],"collection":[{"href":"https:\/\/veiga-law.com\/2017\/wp-json\/wp\/v2\/pages"}],"about":[{"href":"https:\/\/veiga-law.com\/2017\/wp-json\/wp\/v2\/types\/page"}],"author":[{"embeddable":true,"href":"https:\/\/veiga-law.com\/2017\/wp-json\/wp\/v2\/users\/1"}],"replies":[{"embeddable":true,"href":"https:\/\/veiga-law.com\/2017\/wp-json\/wp\/v2\/comments?post=23"}],"version-history":[{"count":10,"href":"https:\/\/veiga-law.com\/2017\/wp-json\/wp\/v2\/pages\/23\/revisions"}],"predecessor-version":[{"id":420,"href":"https:\/\/veiga-law.com\/2017\/wp-json\/wp\/v2\/pages\/23\/revisions\/420"}],"wp:attachment":[{"href":"https:\/\/veiga-law.com\/2017\/wp-json\/wp\/v2\/media?parent=23"}],"curies":[{"name":"wp","href":"https:\/\/api.w.org\/{rel}","templated":true}]}}